{"id":9969,"date":"2021-08-18T10:39:20","date_gmt":"2021-08-18T08:39:20","guid":{"rendered":"https:\/\/officinegullo.com\/macchine-cottura-ed-elettrodomestici\/og-professional-168\/"},"modified":"2023-12-13T16:55:27","modified_gmt":"2023-12-13T15:55:27","slug":"og-professional-168","status":"publish","type":"macchine","link":"https:\/\/officinegullo.com\/fr\/machines-et-appareils-de-cuisson\/og-professional\/og-professional-168\/","title":{"rendered":"OG Professional 168"},"content":{"rendered":"","protected":false},"excerpt":{"rendered":"","protected":false},"featured_media":10623,"template":"","meta":{"_acf_changed":false,"footnotes":""},"class_list":["post-9969","macchine","type-macchine","status-publish","has-post-thumbnail","hentry","cat_macchine-og-professional"],"acf":{"hreflang":"<link rel=\"alternate\" hreflang=\"en-us\" href=\"https:\/\/us.officinegullo.com\/ranges-and-appliances\/og-professional\/og-professional-168\/\">\n<link rel=\"alternate\" hreflang=\"fr-ca\" href=\"https:\/\/us.officinegullo.com\/fr-ca\/ranges-and-appliances\/og-professional\/og-professional-168\/\">\n<link rel=\"alternate\" hreflang=\"ru\" href=\"https:\/\/ru.officinegullo.com\/ranges-and-appliances\/og-professional\/og-professional-168\/\">\n<link rel=\"alternate\" hreflang=\"zh\" href=\"https:\/\/officinegullo.cn\/ranges-and-appliances\/og-professional\/og-professional-168\/\">","heading":{"tipo_header":"img","titolo":"OG Professional 168","codice":"OGS168X","testo":"<h3>L'\u00e9quilibre parfait entre taille et performance dans une cuisine compl\u00e8te \u00e0 part enti\u00e8re<\/h3>\r\nFruit d'une philosophie visant l'am\u00e9lioration du potentiel de la cuisine professionnelle pour un usage domestique, le mod\u00e8le OGS168 repr\u00e9sente l'\u00e9quilibre parfait entre dimensions et performances, se confirmant comme le mod\u00e8le le plus appr\u00e9ci\u00e9 de la collection OG Professional. Il permet e cr\u00e9er dans un espace compact \u00e0 la fois une zone d\u00e9di\u00e9e \u00e0 la pr\u00e9paration des aliments et une zone de cuisson compl\u00e8te avec tous les outils n\u00e9cessaires au chef le plus exigeant. Il repr\u00e9sente la solution id\u00e9ale pour ceux qui aiment cuisiner avec l'efficacit\u00e9 des technologies les plus modernes et les plus sophistiqu\u00e9es qui remontent \u00e0 celles de la grande restauration.","finiture":[{"dettagli_finitura":[4247,4257,4252]},{"dettagli_finitura":[4267,4262,4272]},{"dettagli_finitura":[4282,4277,4287]},{"dettagli_finitura":[4297,4292,4302]},{"dettagli_finitura":[4307,4317,4312]},{"dettagli_finitura":[4332,4322,4327]}],"immagine":31219,"galleria":null,"variazioni":[{"manopola":"Manopola 1","finitura":"Finitura 1","immagine":923,"codice":""},{"manopola":"Manopola 1","finitura":"Finitura 2","immagine":918,"codice":""},{"manopola":"Manopola 2","finitura":"Finitura 1","immagine":913,"codice":""},{"manopola":"Manopola 2","finitura":"Finitura 2","immagine":898,"codice":""},{"manopola":"Manopola 3","finitura":"Finitura 1","immagine":903,"codice":""},{"manopola":"Manopola 3","finitura":"Finitura 2","immagine":908,"codice":""}]},"contenuto":"mod","gruppo_fisso":{"":null,"tipo_media_descrizione":"img","testo_descrizione":"<h3>Titolo provvisorio<\/h3>\r\nLorem ipsum dolor sit amet, consectetur adipiscing elit, sed do eiusmod tempor incididunt ut labore et dolore magna aliqua. Ut enim ad minim veniam, quis nostrud exercitation ullamco laboris nisi ut aliquip ex ea commodo consequat. Duis aute irure dolor in reprehenderit in voluptate velit esse cillum dolore eu fugiat nulla pariatur. Excepteur sint occaecat cupidatat non proident, sunt in culpa qui officia deserunt mollit anim id est laborum.","immagine_descrizione":2046,"gallery_descrizione":null,"layout":false,"colonna_1":"<h3>Titolo provvisorio<\/h3>\r\nLorem ipsum dolor sit amet, consectetur adipiscing elit, sed do eiusmod tempor incididunt ut labore et dolore magna aliqua. Ut enim ad minim veniam, quis nostrud exercitation ullamco laboris nisi ut aliquip ex ea commodo consequat. Duis aute irure dolor in reprehenderit in voluptate velit esse cillum dolore eu fugiat nulla pariatur. Excepteur sint occaecat cupidatat non proident, sunt in culpa qui officia deserunt mollit anim id est laborum.\r\n\r\nDuis aute irure dolor in reprehenderit in voluptate velit esse cillum dolore eu fugiat nulla pariatur. Excepteur sint occaecat cupidatat non proident, sunt in culpa qui officia deserunt mollit anim id est laborum.","colonna_2":"<h3>Titolo provvisorio<\/h3>\r\nDuis aute irure dolor in reprehenderit in voluptate velit esse cillum dolore eu fugiat nulla pariatur. Excepteur sint occaecat cupidatat non proident, sunt in culpa qui officia deserunt mollit anim id est laborum.\r\n<h3>Titolo provvisorio<\/h3>\r\nDuis aute irure dolor in reprehenderit in voluptate velit esse cillum dolore eu fugiat nulla pariatur. Excepteur sint occaecat cupidatat non proident, sunt in culpa qui officia deserunt mollit anim id est laborum.","colonna_3":"Lorem ipsum dolor sit amet, consectetur adipiscing elit, sed do eiusmod tempor incididunt ut labore et dolore magna aliqua. Ut enim ad minim veniam, quis nostrud exercitation ullamco laboris nisi ut aliquip ex ea commodo consequat. Duis aute irure dolor in reprehenderit in voluptate velit esse cillum dolore eu fugiat nulla pariatur. Excepteur sint occaecat cupidatat non proident, sunt in culpa qui officia deserunt mollit anim id est laborum.","colonna_4":"<h3>Titolo provvisorio<\/h3>\r\nLorem ipsum dolor sit amet, consectetur adipiscing elit, sed do eiusmod tempor incididunt ut labore et dolore magna aliqua. Ut enim ad minim veniam, quis nostrud exercitation ullamco laboris nisi ut aliquip ex ea commodo consequat. Duis aute irure dolor in reprehenderit in voluptate velit esse cillum dolore eu fugiat nulla pariatur. Excepteur sint occaecat cupidatat non proident, sunt in culpa qui officia deserunt mollit anim id est laborum.","dati_tecnici":null,"gallery":[2056,2051,2046,2041,2036,2031,2026,2021,2016,2011],"item":"OGFIO048","variants":"","forcedvariants":" _TPALIMENTA=DFUL;_MODPORTA=SLD;_FIN=CDF;_FINRAL=RO1013;","model":"XM0","adds":""},"gruppo_tab":{"tabs":[{"label":"Personnalisation","page_builder":[{"acf_fc_layout":"mod_media","titolo":"Personnalisez votre OG Professional","cta":{"title":"D\u00e9couvrez les mod\u00e8les disponibles","url":"\/fr\/machines-et-appareils-de-cuisson\/modules-og-professional\/","target":""},"orientamento":"sx","testo":"La composition de l'appareil de cuisson peut \u00eatre personnalis\u00e9e en fonction des souhaits et des habitudes culinaires de son propri\u00e9taire. En effet, il est possible de composer \u00e0 la fois la plaque de cuisson et la zone situ\u00e9e en dessous avec diff\u00e9rents \u00e9l\u00e9ments.","tipo_media":"imgs","immagine":null,"galleria":[2186,2181,2176,2171,2166,2161,2156],"video_id":""}]},{"label":"Gallery","page_builder":[{"acf_fc_layout":"mod_gallery","titolo":"","galleria":[20168,16821,16806,16811,4445,4450,4440,4435,4430]}]},{"label":"Couleurs et finitions","page_builder":[{"acf_fc_layout":"mod_finituresingle","tipo_finiture":"col1","gruppo_finiture":{"titolo":"","finiture":null},"tipo_colori":"col1","gruppo_colori":{"titolo":"","colori":null,"testo":""},"tipo_personalizzazioni":"col1","gruppo_personalizzazioni":{"titolo":"","titolo_c_st":"","titolo_c_sp":"","lista_codici_colore":"","lista nomi colori":"","lista_codici_colore_s":"","lista nomi colori_s":"","personalizzazioni":null}}]},{"label":"Configurateur","page_builder":[{"acf_fc_layout":"mod_config","item":"00ZV0003A","variants":"","forcedvariants":"_MCELEMENT_0000=11.FLS4E;_MCELEMENT_0001=12.SV;_MCELEMENT_0002=13.GES8P;_MCELEMENT_0003=11.PNS4;_MCELEMENT_0004=12.S4DOORS;_FINRAL=RO9005;_FIN=OCL;","model":"CM0","adds":"MC_AGGSUP;MC_AGGINF;MC_AGGINT;MC_AGGSUP;MC_AGGINF;"}]}]},"accessori":{"visibile":"no","titolo":"Completa la tua cucina","cta":null,"accessories":[{"post":null,"titolo":"Cappe","cta_link":false,"cta":"Scopri di pi\u00f9","immagine":1373,"testo":"Nate dall\u2019esigenza di avere un\u2019aspirazione perfetta per le potenti macchina di cottura, le cappe Officine Gullo non sono dei semplici motori aspiranti, bens\u00ec strutture auto portanti costruite artigianalmente, capaci di garantire un\u2019estrazione veloce e potente di odori e vapori."},{"post":null,"titolo":"Refrigerazione","cta_link":false,"cta":"Scopri di pi\u00f9","immagine":1368,"testo":"Officine Gullo ha selezionato una gamma di frigoriferi, combinati frigo-congelatore e congelatori che si integra perfettamente all\u2019interno della collezione e riesce a offrire uno spazio interno maggiore rispetto agli apparecchi di raffreddamento standard."},{"post":null,"titolo":"Pannelli e mensole","cta_link":{"title":"Scopri di pi\u00f9","url":"\/accessori\/pannelli-e-mensole\/","target":""},"cta":"Scopri di pi\u00f9","immagine":1183,"testo":"Questi oggetti sono molto pi\u00f9 che semplici dettagli della cucina: curati in ogni singolo particolare, rendono la cucina fruibile e funzionale, oltre a regalare calore e atmosfera alla cucina."}]},"correlati":{"titolo":"","cta":null,"related":null}},"yoast_head":"<!-- This site is optimized with the Yoast SEO Premium plugin v27.4 (Yoast SEO v27.4) - https:\/\/yoast.com\/product\/yoast-seo-premium-wordpress\/ -->\n<title>Bloc de cuisson professionnel 168cm | Officine Gullo<\/title>\n<meta name=\"description\" content=\"Le mod\u00e8le OGS168 repr\u00e9sente l&#039;\u00e9quilibre parfait entre taille et performance, et s&#039;av\u00e8re \u00eatre le plus populaire de la collection OG Professional.\" \/>\n<meta name=\"robots\" content=\"index, follow, max-snippet:-1, max-image-preview:large, max-video-preview:-1\" \/>\n<link rel=\"canonical\" href=\"https:\/\/officinegullo.com\/fr\/machines-et-appareils-de-cuisson\/og-professional\/og-professional-168\/\" \/>\n<meta property=\"og:locale\" content=\"fr_FR\" \/>\n<meta property=\"og:type\" content=\"article\" \/>\n<meta property=\"og:title\" content=\"Bloc de cuisson professionnel 168cm | Officine Gullo\" \/>\n<meta property=\"og:description\" content=\"Le mod\u00e8le OGS168 repr\u00e9sente l&#039;\u00e9quilibre parfait entre taille et performance, et s&#039;av\u00e8re \u00eatre le plus populaire de la collection OG Professional.\" \/>\n<meta property=\"og:url\" content=\"https:\/\/officinegullo.com\/fr\/machines-et-appareils-de-cuisson\/og-professional\/og-professional-168\/\" \/>\n<meta property=\"og:site_name\" content=\"Officine Gullo\" \/>\n<meta property=\"article:modified_time\" content=\"2023-12-13T15:55:27+00:00\" \/>\n<meta property=\"og:image\" content=\"https:\/\/s3.eu-central-1.amazonaws.com\/eu.officinegullo.com\/wp-content\/uploads\/2021\/08\/13160748\/ogs168.jpg\" \/>\n\t<meta property=\"og:image:width\" content=\"1500\" \/>\n\t<meta property=\"og:image:height\" content=\"1500\" \/>\n\t<meta property=\"og:image:type\" content=\"image\/jpeg\" \/>\n<meta name=\"twitter:card\" content=\"summary_large_image\" \/>\n<script type=\"application\/ld+json\" class=\"yoast-schema-graph\">{\"@context\":\"https:\\\/\\\/schema.org\",\"@graph\":[{\"@type\":\"WebPage\",\"@id\":\"https:\\\/\\\/officinegullo.com\\\/fr\\\/machines-et-appareils-de-cuisson\\\/og-professional\\\/og-professional-168\\\/\",\"url\":\"https:\\\/\\\/officinegullo.com\\\/fr\\\/machines-et-appareils-de-cuisson\\\/og-professional\\\/og-professional-168\\\/\",\"name\":\"Bloc de cuisson professionnel 168cm | Officine Gullo\",\"isPartOf\":{\"@id\":\"https:\\\/\\\/officinegullo.com\\\/fr\\\/#website\"},\"primaryImageOfPage\":{\"@id\":\"https:\\\/\\\/officinegullo.com\\\/fr\\\/machines-et-appareils-de-cuisson\\\/og-professional\\\/og-professional-168\\\/#primaryimage\"},\"image\":{\"@id\":\"https:\\\/\\\/officinegullo.com\\\/fr\\\/machines-et-appareils-de-cuisson\\\/og-professional\\\/og-professional-168\\\/#primaryimage\"},\"thumbnailUrl\":\"https:\\\/\\\/s3.eu-central-1.amazonaws.com\\\/eu.officinegullo.com\\\/wp-content\\\/uploads\\\/2021\\\/08\\\/13160748\\\/ogs168.jpg\",\"datePublished\":\"2021-08-18T08:39:20+00:00\",\"dateModified\":\"2023-12-13T15:55:27+00:00\",\"description\":\"Le mod\u00e8le OGS168 repr\u00e9sente l'\u00e9quilibre parfait entre taille et performance, et s'av\u00e8re \u00eatre le plus populaire de la collection OG Professional.\",\"breadcrumb\":{\"@id\":\"https:\\\/\\\/officinegullo.com\\\/fr\\\/machines-et-appareils-de-cuisson\\\/og-professional\\\/og-professional-168\\\/#breadcrumb\"},\"inLanguage\":\"fr-FR\",\"potentialAction\":[{\"@type\":\"ReadAction\",\"target\":[\"https:\\\/\\\/officinegullo.com\\\/fr\\\/machines-et-appareils-de-cuisson\\\/og-professional\\\/og-professional-168\\\/\"]}]},{\"@type\":\"ImageObject\",\"inLanguage\":\"fr-FR\",\"@id\":\"https:\\\/\\\/officinegullo.com\\\/fr\\\/machines-et-appareils-de-cuisson\\\/og-professional\\\/og-professional-168\\\/#primaryimage\",\"url\":\"https:\\\/\\\/s3.eu-central-1.amazonaws.com\\\/eu.officinegullo.com\\\/wp-content\\\/uploads\\\/2021\\\/08\\\/13160748\\\/ogs168.jpg\",\"contentUrl\":\"https:\\\/\\\/s3.eu-central-1.amazonaws.com\\\/eu.officinegullo.com\\\/wp-content\\\/uploads\\\/2021\\\/08\\\/13160748\\\/ogs168.jpg\",\"width\":1500,\"height\":1500},{\"@type\":\"BreadcrumbList\",\"@id\":\"https:\\\/\\\/officinegullo.com\\\/fr\\\/machines-et-appareils-de-cuisson\\\/og-professional\\\/og-professional-168\\\/#breadcrumb\",\"itemListElement\":[{\"@type\":\"ListItem\",\"position\":1,\"name\":\"Home\",\"item\":\"https:\\\/\\\/officinegullo.com\\\/fr\\\/\"},{\"@type\":\"ListItem\",\"position\":2,\"name\":\"Machines et appareils de cuisson\",\"item\":\"https:\\\/\\\/officinegullo.com\\\/fr\\\/machines-et-appareils-de-cuisson\\\/\"},{\"@type\":\"ListItem\",\"position\":3,\"name\":\"Appareils de cuisson OG Professional\",\"item\":\"https:\\\/\\\/officinegullo.com\\\/fr\\\/machines-et-appareils-de-cuisson\\\/og-professional\\\/\"},{\"@type\":\"ListItem\",\"position\":4,\"name\":\"OG Professional 168\"}]},{\"@type\":\"WebSite\",\"@id\":\"https:\\\/\\\/officinegullo.com\\\/fr\\\/#website\",\"url\":\"https:\\\/\\\/officinegullo.com\\\/fr\\\/\",\"name\":\"Officine Gullo\",\"description\":\"Un nuovo sito targato WordPress\",\"potentialAction\":[{\"@type\":\"SearchAction\",\"target\":{\"@type\":\"EntryPoint\",\"urlTemplate\":\"https:\\\/\\\/officinegullo.com\\\/fr\\\/?s={search_term_string}\"},\"query-input\":{\"@type\":\"PropertyValueSpecification\",\"valueRequired\":true,\"valueName\":\"search_term_string\"}}],\"inLanguage\":\"fr-FR\"}]}<\/script>\n<!-- \/ Yoast SEO Premium plugin. -->","yoast_head_json":{"title":"Bloc de cuisson professionnel 168cm | Officine Gullo","description":"Le mod\u00e8le OGS168 repr\u00e9sente l'\u00e9quilibre parfait entre taille et performance, et s'av\u00e8re \u00eatre le plus populaire de la collection OG Professional.","robots":{"index":"index","follow":"follow","max-snippet":"max-snippet:-1","max-image-preview":"max-image-preview:large","max-video-preview":"max-video-preview:-1"},"canonical":"https:\/\/officinegullo.com\/fr\/machines-et-appareils-de-cuisson\/og-professional\/og-professional-168\/","og_locale":"fr_FR","og_type":"article","og_title":"Bloc de cuisson professionnel 168cm | Officine Gullo","og_description":"Le mod\u00e8le OGS168 repr\u00e9sente l'\u00e9quilibre parfait entre taille et performance, et s'av\u00e8re \u00eatre le plus populaire de la collection OG Professional.","og_url":"https:\/\/officinegullo.com\/fr\/machines-et-appareils-de-cuisson\/og-professional\/og-professional-168\/","og_site_name":"Officine Gullo","article_modified_time":"2023-12-13T15:55:27+00:00","og_image":[{"width":1500,"height":1500,"url":"https:\/\/s3.eu-central-1.amazonaws.com\/eu.officinegullo.com\/wp-content\/uploads\/2021\/08\/13160748\/ogs168.jpg","type":"image\/jpeg"}],"twitter_card":"summary_large_image","schema":{"@context":"https:\/\/schema.org","@graph":[{"@type":"WebPage","@id":"https:\/\/officinegullo.com\/fr\/machines-et-appareils-de-cuisson\/og-professional\/og-professional-168\/","url":"https:\/\/officinegullo.com\/fr\/machines-et-appareils-de-cuisson\/og-professional\/og-professional-168\/","name":"Bloc de cuisson professionnel 168cm | Officine Gullo","isPartOf":{"@id":"https:\/\/officinegullo.com\/fr\/#website"},"primaryImageOfPage":{"@id":"https:\/\/officinegullo.com\/fr\/machines-et-appareils-de-cuisson\/og-professional\/og-professional-168\/#primaryimage"},"image":{"@id":"https:\/\/officinegullo.com\/fr\/machines-et-appareils-de-cuisson\/og-professional\/og-professional-168\/#primaryimage"},"thumbnailUrl":"https:\/\/s3.eu-central-1.amazonaws.com\/eu.officinegullo.com\/wp-content\/uploads\/2021\/08\/13160748\/ogs168.jpg","datePublished":"2021-08-18T08:39:20+00:00","dateModified":"2023-12-13T15:55:27+00:00","description":"Le mod\u00e8le OGS168 repr\u00e9sente l'\u00e9quilibre parfait entre taille et performance, et s'av\u00e8re \u00eatre le plus populaire de la collection OG Professional.","breadcrumb":{"@id":"https:\/\/officinegullo.com\/fr\/machines-et-appareils-de-cuisson\/og-professional\/og-professional-168\/#breadcrumb"},"inLanguage":"fr-FR","potentialAction":[{"@type":"ReadAction","target":["https:\/\/officinegullo.com\/fr\/machines-et-appareils-de-cuisson\/og-professional\/og-professional-168\/"]}]},{"@type":"ImageObject","inLanguage":"fr-FR","@id":"https:\/\/officinegullo.com\/fr\/machines-et-appareils-de-cuisson\/og-professional\/og-professional-168\/#primaryimage","url":"https:\/\/s3.eu-central-1.amazonaws.com\/eu.officinegullo.com\/wp-content\/uploads\/2021\/08\/13160748\/ogs168.jpg","contentUrl":"https:\/\/s3.eu-central-1.amazonaws.com\/eu.officinegullo.com\/wp-content\/uploads\/2021\/08\/13160748\/ogs168.jpg","width":1500,"height":1500},{"@type":"BreadcrumbList","@id":"https:\/\/officinegullo.com\/fr\/machines-et-appareils-de-cuisson\/og-professional\/og-professional-168\/#breadcrumb","itemListElement":[{"@type":"ListItem","position":1,"name":"Home","item":"https:\/\/officinegullo.com\/fr\/"},{"@type":"ListItem","position":2,"name":"Machines et appareils de cuisson","item":"https:\/\/officinegullo.com\/fr\/machines-et-appareils-de-cuisson\/"},{"@type":"ListItem","position":3,"name":"Appareils de cuisson OG Professional","item":"https:\/\/officinegullo.com\/fr\/machines-et-appareils-de-cuisson\/og-professional\/"},{"@type":"ListItem","position":4,"name":"OG Professional 168"}]},{"@type":"WebSite","@id":"https:\/\/officinegullo.com\/fr\/#website","url":"https:\/\/officinegullo.com\/fr\/","name":"Officine Gullo","description":"Un nuovo sito targato WordPress","potentialAction":[{"@type":"SearchAction","target":{"@type":"EntryPoint","urlTemplate":"https:\/\/officinegullo.com\/fr\/?s={search_term_string}"},"query-input":{"@type":"PropertyValueSpecification","valueRequired":true,"valueName":"search_term_string"}}],"inLanguage":"fr-FR"}]}},"_links":{"self":[{"href":"https:\/\/officinegullo.com\/fr\/wp-json\/wp\/v2\/macchine\/9969","targetHints":{"allow":["GET"]}}],"collection":[{"href":"https:\/\/officinegullo.com\/fr\/wp-json\/wp\/v2\/macchine"}],"about":[{"href":"https:\/\/officinegullo.com\/fr\/wp-json\/wp\/v2\/types\/macchine"}],"version-history":[{"count":2,"href":"https:\/\/officinegullo.com\/fr\/wp-json\/wp\/v2\/macchine\/9969\/revisions"}],"predecessor-version":[{"id":20162,"href":"https:\/\/officinegullo.com\/fr\/wp-json\/wp\/v2\/macchine\/9969\/revisions\/20162"}],"wp:featuredmedia":[{"embeddable":true,"href":"https:\/\/officinegullo.com\/fr\/wp-json\/wp\/v2\/media\/10623"}],"wp:attachment":[{"href":"https:\/\/officinegullo.com\/fr\/wp-json\/wp\/v2\/media?parent=9969"}],"curies":[{"name":"wp","href":"https:\/\/api.w.org\/{rel}","templated":true}]}}