{"id":9927,"date":"2021-08-17T17:50:48","date_gmt":"2021-08-17T15:50:48","guid":{"rendered":"https:\/\/officinegullo.com\/macchine-cottura-ed-elettrodomestici\/restart-90-forno-doppio\/"},"modified":"2023-11-30T16:52:59","modified_gmt":"2023-11-30T15:52:59","slug":"restart-90-forno-doppio","status":"publish","type":"macchine","link":"https:\/\/officinegullo.com\/fr\/machines-et-appareils-de-cuisson\/restart\/restart-90-double-four\/","title":{"rendered":"Restart 90 double four"},"content":{"rendered":"","protected":false},"excerpt":{"rendered":"","protected":false},"featured_media":96557,"template":"","meta":{"_acf_changed":false,"footnotes":""},"class_list":["post-9927","macchine","type-macchine","status-publish","has-post-thumbnail","hentry","cat_macchine-restart"],"acf":{"hreflang":"<link rel=\"alternate\" hreflang=\"ru\" href=\"https:\/\/ru.officinegullo.com\/ranges-and-appliances\/restart\/restart-90-double-oven\/\">\n<link rel=\"alternate\" hreflang=\"zh\" href=\"https:\/\/officinegullo.cn\/ranges-and-appliances\/restart\/restart-90-double-oven\/\">","heading":{"tipo_header":"mac","titolo":"Restart 90 double four","codice":"1M003ZV0047A \/ 1M003ZV0056A \/ 1M003ZV0065A \/ 1M003ZV0053A \/ 1M003ZV0062A \/ 1M003ZV0071A \/ 1M003ZV0054A \/ 1M003ZV0063A \/ 1M003ZV0072A \/ 1M003ZV0050A \/ 1M003ZV0059A \/ 1M003ZV0068A","testo":"L'appareil de cuisson Restart 90 cm \u00e0 double four est compos\u00e9 d'un four \u00e9lectrique principal et d'un second mini-four \u00e9lectrique avec gril et r\u00f4tissoire \u00e9lectrique. Le four principal est \u00e9quip\u00e9 d'une grille et d'un ventilateur de refroidissement, d'un thermostat et d'un programmateur LCD analogique. La porte du four froid avec triple vitre amovible est s\u00fbre pour les enfants, parfaitement isol\u00e9e (gr\u00e2ce aux trois couches) et facile \u00e0 nettoyer. Pour s'int\u00e9grer parfaitement aux espaces classiques et contemporains, la machine de cuisson est disponible en 3 configurations diff\u00e9rentes : porte classique, porte en verre et porte pleine. La plaque de cuisson est \u00e9quip\u00e9e de br\u00fbleurs haute performance avec des valves de s\u00e9curit\u00e9 et des grilles en fonte et elle est disponible en 4 versions : 5 br\u00fbleurs, 6 br\u00fbleurs, 4 br\u00fbleurs avec plaque de cuisson, ou \u00e0 induction.\r\n\r\n<a class=\"cta\" href=\"https:\/\/s3.eu-central-1.amazonaws.com\/eu.officinegullo.com\/wp-content\/uploads\/2021\/10\/28094546\/ELG090_2.pdf\" target=\"_blank\" rel=\"noopener\"> T\u00c9L\u00c9CHARGER LA FICHE TECHNIQUE<\/a>","finiture":[{"dettagli_finitura":[96557,96547,96552]},{"dettagli_finitura":[96572,96562,96567]},{"dettagli_finitura":[96587,96577,96582]},{"dettagli_finitura":[96602,96592,96597]},{"dettagli_finitura":[96607,96612,96617]},{"dettagli_finitura":[96632,96622,96627]},{"dettagli_finitura":[96647,96637,96642]}],"immagine":null,"galleria":null,"variazioni":[{"manopola":"Manopola 1","finitura":"Finitura 1","immagine":923,"codice":""},{"manopola":"Manopola 1","finitura":"Finitura 2","immagine":918,"codice":""},{"manopola":"Manopola 2","finitura":"Finitura 1","immagine":913,"codice":""},{"manopola":"Manopola 2","finitura":"Finitura 2","immagine":898,"codice":""},{"manopola":"Manopola 3","finitura":"Finitura 1","immagine":903,"codice":""},{"manopola":"Manopola 3","finitura":"Finitura 2","immagine":908,"codice":""}]},"contenuto":"mod","gruppo_fisso":{"":null,"tipo_media_descrizione":"img","testo_descrizione":"<h3>Titolo provvisorio<\/h3>\r\nLorem ipsum dolor sit amet, consectetur adipiscing elit, sed do eiusmod tempor incididunt ut labore et dolore magna aliqua. Ut enim ad minim veniam, quis nostrud exercitation ullamco laboris nisi ut aliquip ex ea commodo consequat. Duis aute irure dolor in reprehenderit in voluptate velit esse cillum dolore eu fugiat nulla pariatur. Excepteur sint occaecat cupidatat non proident, sunt in culpa qui officia deserunt mollit anim id est laborum.","immagine_descrizione":2046,"gallery_descrizione":null,"layout":false,"colonna_1":"<h3>Titolo provvisorio<\/h3>\r\nLorem ipsum dolor sit amet, consectetur adipiscing elit, sed do eiusmod tempor incididunt ut labore et dolore magna aliqua. Ut enim ad minim veniam, quis nostrud exercitation ullamco laboris nisi ut aliquip ex ea commodo consequat. Duis aute irure dolor in reprehenderit in voluptate velit esse cillum dolore eu fugiat nulla pariatur. Excepteur sint occaecat cupidatat non proident, sunt in culpa qui officia deserunt mollit anim id est laborum.\r\n\r\nDuis aute irure dolor in reprehenderit in voluptate velit esse cillum dolore eu fugiat nulla pariatur. Excepteur sint occaecat cupidatat non proident, sunt in culpa qui officia deserunt mollit anim id est laborum.","colonna_2":"<h3>Titolo provvisorio<\/h3>\r\nDuis aute irure dolor in reprehenderit in voluptate velit esse cillum dolore eu fugiat nulla pariatur. Excepteur sint occaecat cupidatat non proident, sunt in culpa qui officia deserunt mollit anim id est laborum.\r\n<h3>Titolo provvisorio<\/h3>\r\nDuis aute irure dolor in reprehenderit in voluptate velit esse cillum dolore eu fugiat nulla pariatur. Excepteur sint occaecat cupidatat non proident, sunt in culpa qui officia deserunt mollit anim id est laborum.","colonna_3":"Lorem ipsum dolor sit amet, consectetur adipiscing elit, sed do eiusmod tempor incididunt ut labore et dolore magna aliqua. Ut enim ad minim veniam, quis nostrud exercitation ullamco laboris nisi ut aliquip ex ea commodo consequat. Duis aute irure dolor in reprehenderit in voluptate velit esse cillum dolore eu fugiat nulla pariatur. Excepteur sint occaecat cupidatat non proident, sunt in culpa qui officia deserunt mollit anim id est laborum.","colonna_4":"<h3>Titolo provvisorio<\/h3>\r\nLorem ipsum dolor sit amet, consectetur adipiscing elit, sed do eiusmod tempor incididunt ut labore et dolore magna aliqua. Ut enim ad minim veniam, quis nostrud exercitation ullamco laboris nisi ut aliquip ex ea commodo consequat. Duis aute irure dolor in reprehenderit in voluptate velit esse cillum dolore eu fugiat nulla pariatur. Excepteur sint occaecat cupidatat non proident, sunt in culpa qui officia deserunt mollit anim id est laborum.","dati_tecnici":null,"gallery":[2056,2051,2046,2041,2036,2031,2026,2021,2016,2011],"item":"OGFIO048","variants":"","forcedvariants":" _TPALIMENTA=DFUL;_MODPORTA=SLD;_FIN=CDF;_FINRAL=RO1013;","model":"XM0","adds":""},"gruppo_tab":{"tabs":[{"label":"Informations techniques","page_builder":[{"acf_fc_layout":"mod_fourcolumn","colonna_1":"<b>CARACT\u00c9RISTIQUES DE LA PLAQUE \u00c0 GAZ<\/b>\r\nBr\u00fbleurs dual avec puissance jusqu'\u00e0 5 kW\r\nCouronne avec traitement antiadh\u00e9sif\r\nGrilles en fonte\r\nValve de s\u00e9curit\u00e9\r\nAllumage int\u00e9gr\u00e9 sur les manettes\r\nFrytop de 8 mm d'\u00e9paisseur (disponible dans le mod\u00e8le \u00e0 4 feux)","colonna_2":"<b>CARACT\u00c9RISTIQUES DE LA PLAQUE \u00c0 INDUCTION<\/b>\r\nFonction Booster pour chaque zone de cuisson\r\nIndicateurs de chaleur r\u00e9siduelle et d'allumage\r\nDiff\u00e9rents niveaux de r\u00e9glage\r\nMinuterie num\u00e9rique\r\nFonction verrouillage enfant","colonna_3":"<b>CARACT\u00c9RISTIQUES DES FOURS<\/b>\r\n<i>Four multifonction de 60 cm<\/i>\r\nFonction de chauffage rapide\r\nContr\u00f4le \u00e9lectronique de la temp\u00e9rature\r\nPorte \u00e0 triple vitre, froide au toucher\r\nPorte \u00e0 fermeture lente\r\n9 fonctions de cuisson\r\n\r\n<i>Mini four statique de 30 cm<\/i>\r\n4 fonctions de cuisson","colonna_4":"<strong>ELG090 C\/S\/F\/I S2\/B2\/G2<\/strong>\r\n\r\n<strong>C<\/strong> \u2013 Restart 90 2 fours avec plaque \u00e0 5 feux\r\n<strong>S<\/strong> \u2013 Restart 90 2 fours avec plaque \u00e0 6 feux\r\n<strong>F<\/strong> \u2013 Restart 90 2 fours avec plaque \u00e0 4 feux + frytop\r\n<strong>I<\/strong> \u2013 Restart 90 2 fours avec plaque \u00e0 induction\r\n\r\n<strong>S2 <\/strong>\u2013 porte pleine\r\n<strong>B2 <\/strong>\u2013 porte classique\r\n<strong>G2 <\/strong>\u2013 porte en verre"}]},{"label":"Gallery","page_builder":[{"acf_fc_layout":"mod_gallery","titolo":"","galleria":[12833,9426,4128]}]},{"label":"Couleurs et finitions","page_builder":[{"acf_fc_layout":"mod_finituresingle","tipo_finiture":"col2","gruppo_finiture":{"titolo":"","finiture":null},"tipo_colori":"col2","gruppo_colori":{"titolo":"","colori":null,"testo":""},"tipo_personalizzazioni":"col2","gruppo_personalizzazioni":{"titolo":"","titolo_c_st":"","titolo_c_sp":"","lista_codici_colore":"","lista nomi colori":"","lista_codici_colore_s":"","lista nomi colori_s":"","personalizzazioni":null}}]},{"label":"Configurateur","page_builder":[{"acf_fc_layout":"mod_config","item":"OGG090RE","variants":"","forcedvariants":"_NPORTE=DPP; _MODPORTA=CLD;_TPTOPRESTART=F05N;_COLORE=MGG;_FIN=OCL;","model":"CM0","adds":""}]}]},"accessori":{"visibile":"no","titolo":"Accessori","cta":null,"accessories":[{"post":null,"titolo":"","cta_link":null,"cta":"Scopri di pi\u00f9","immagine":null,"testo":""},{"post":null,"titolo":"","cta_link":null,"cta":"Scopri di pi\u00f9","immagine":null,"testo":""},{"post":null,"titolo":"","cta_link":null,"cta":"Scopri di pi\u00f9","immagine":null,"testo":""}]},"correlati":{"titolo":"","cta":null,"related":null}},"yoast_head":"<!-- This site is optimized with the Yoast SEO Premium plugin v27.4 (Yoast SEO v27.4) - https:\/\/yoast.com\/product\/yoast-seo-premium-wordpress\/ -->\n<title>Restart 90 : Bloc de cuisson avec four double | Officine Gullo<\/title>\n<meta name=\"description\" content=\"Restart 90 cm se compose d&#039;un four \u00e9lectrique principal et d&#039;un second mini-four \u00e9lectrique avec grill et r\u00f4tisserie \u00e9lectrique.\" \/>\n<meta name=\"robots\" content=\"index, follow, max-snippet:-1, max-image-preview:large, max-video-preview:-1\" \/>\n<link rel=\"canonical\" href=\"https:\/\/officinegullo.com\/fr\/machines-et-appareils-de-cuisson\/restart\/restart-90-double-four\/\" \/>\n<meta property=\"og:locale\" content=\"fr_FR\" \/>\n<meta property=\"og:type\" content=\"article\" \/>\n<meta property=\"og:title\" content=\"Restart 90 : Bloc de cuisson avec four double | Officine Gullo\" \/>\n<meta property=\"og:description\" content=\"Restart 90 cm se compose d&#039;un four \u00e9lectrique principal et d&#039;un second mini-four \u00e9lectrique avec grill et r\u00f4tisserie \u00e9lectrique.\" \/>\n<meta property=\"og:url\" content=\"https:\/\/officinegullo.com\/fr\/machines-et-appareils-de-cuisson\/restart\/restart-90-double-four\/\" \/>\n<meta property=\"og:site_name\" content=\"Officine Gullo\" \/>\n<meta property=\"article:modified_time\" content=\"2023-11-30T15:52:59+00:00\" \/>\n<meta property=\"og:image\" content=\"https:\/\/s3.eu-central-1.amazonaws.com\/eu.officinegullo.com\/wp-content\/uploads\/2021\/08\/26150005\/Restart90-2_Classic_OB.jpg\" \/>\n\t<meta property=\"og:image:width\" content=\"1500\" \/>\n\t<meta property=\"og:image:height\" content=\"1061\" \/>\n\t<meta property=\"og:image:type\" content=\"image\/jpeg\" \/>\n<meta name=\"twitter:card\" content=\"summary_large_image\" \/>\n<script type=\"application\/ld+json\" class=\"yoast-schema-graph\">{\"@context\":\"https:\\\/\\\/schema.org\",\"@graph\":[{\"@type\":\"WebPage\",\"@id\":\"https:\\\/\\\/officinegullo.com\\\/fr\\\/machines-et-appareils-de-cuisson\\\/restart\\\/restart-90-double-four\\\/\",\"url\":\"https:\\\/\\\/officinegullo.com\\\/fr\\\/machines-et-appareils-de-cuisson\\\/restart\\\/restart-90-double-four\\\/\",\"name\":\"Restart 90 : Bloc de cuisson avec four double | Officine Gullo\",\"isPartOf\":{\"@id\":\"https:\\\/\\\/officinegullo.com\\\/fr\\\/#website\"},\"primaryImageOfPage\":{\"@id\":\"https:\\\/\\\/officinegullo.com\\\/fr\\\/machines-et-appareils-de-cuisson\\\/restart\\\/restart-90-double-four\\\/#primaryimage\"},\"image\":{\"@id\":\"https:\\\/\\\/officinegullo.com\\\/fr\\\/machines-et-appareils-de-cuisson\\\/restart\\\/restart-90-double-four\\\/#primaryimage\"},\"thumbnailUrl\":\"https:\\\/\\\/s3.eu-central-1.amazonaws.com\\\/eu.officinegullo.com\\\/wp-content\\\/uploads\\\/2021\\\/08\\\/26150005\\\/Restart90-2_Classic_OB.jpg\",\"datePublished\":\"2021-08-17T15:50:48+00:00\",\"dateModified\":\"2023-11-30T15:52:59+00:00\",\"description\":\"Restart 90 cm se compose d'un four \u00e9lectrique principal et d'un second mini-four \u00e9lectrique avec grill et r\u00f4tisserie \u00e9lectrique.\",\"breadcrumb\":{\"@id\":\"https:\\\/\\\/officinegullo.com\\\/fr\\\/machines-et-appareils-de-cuisson\\\/restart\\\/restart-90-double-four\\\/#breadcrumb\"},\"inLanguage\":\"fr-FR\",\"potentialAction\":[{\"@type\":\"ReadAction\",\"target\":[\"https:\\\/\\\/officinegullo.com\\\/fr\\\/machines-et-appareils-de-cuisson\\\/restart\\\/restart-90-double-four\\\/\"]}]},{\"@type\":\"ImageObject\",\"inLanguage\":\"fr-FR\",\"@id\":\"https:\\\/\\\/officinegullo.com\\\/fr\\\/machines-et-appareils-de-cuisson\\\/restart\\\/restart-90-double-four\\\/#primaryimage\",\"url\":\"https:\\\/\\\/s3.eu-central-1.amazonaws.com\\\/eu.officinegullo.com\\\/wp-content\\\/uploads\\\/2021\\\/08\\\/26150005\\\/Restart90-2_Classic_OB.jpg\",\"contentUrl\":\"https:\\\/\\\/s3.eu-central-1.amazonaws.com\\\/eu.officinegullo.com\\\/wp-content\\\/uploads\\\/2021\\\/08\\\/26150005\\\/Restart90-2_Classic_OB.jpg\",\"width\":1500,\"height\":1061},{\"@type\":\"BreadcrumbList\",\"@id\":\"https:\\\/\\\/officinegullo.com\\\/fr\\\/machines-et-appareils-de-cuisson\\\/restart\\\/restart-90-double-four\\\/#breadcrumb\",\"itemListElement\":[{\"@type\":\"ListItem\",\"position\":1,\"name\":\"Home\",\"item\":\"https:\\\/\\\/officinegullo.com\\\/fr\\\/\"},{\"@type\":\"ListItem\",\"position\":2,\"name\":\"Machines et appareils de cuisson\",\"item\":\"https:\\\/\\\/officinegullo.com\\\/fr\\\/machines-et-appareils-de-cuisson\\\/\"},{\"@type\":\"ListItem\",\"position\":3,\"name\":\"Appareils de cuisson Restart\",\"item\":\"https:\\\/\\\/officinegullo.com\\\/fr\\\/machines-et-appareils-de-cuisson\\\/restart\\\/\"},{\"@type\":\"ListItem\",\"position\":4,\"name\":\"Restart 90 double four\"}]},{\"@type\":\"WebSite\",\"@id\":\"https:\\\/\\\/officinegullo.com\\\/fr\\\/#website\",\"url\":\"https:\\\/\\\/officinegullo.com\\\/fr\\\/\",\"name\":\"Officine Gullo\",\"description\":\"Un nuovo sito targato WordPress\",\"potentialAction\":[{\"@type\":\"SearchAction\",\"target\":{\"@type\":\"EntryPoint\",\"urlTemplate\":\"https:\\\/\\\/officinegullo.com\\\/fr\\\/?s={search_term_string}\"},\"query-input\":{\"@type\":\"PropertyValueSpecification\",\"valueRequired\":true,\"valueName\":\"search_term_string\"}}],\"inLanguage\":\"fr-FR\"}]}<\/script>\n<!-- \/ Yoast SEO Premium plugin. -->","yoast_head_json":{"title":"Restart 90 : Bloc de cuisson avec four double | Officine Gullo","description":"Restart 90 cm se compose d'un four \u00e9lectrique principal et d'un second mini-four \u00e9lectrique avec grill et r\u00f4tisserie \u00e9lectrique.","robots":{"index":"index","follow":"follow","max-snippet":"max-snippet:-1","max-image-preview":"max-image-preview:large","max-video-preview":"max-video-preview:-1"},"canonical":"https:\/\/officinegullo.com\/fr\/machines-et-appareils-de-cuisson\/restart\/restart-90-double-four\/","og_locale":"fr_FR","og_type":"article","og_title":"Restart 90 : Bloc de cuisson avec four double | Officine Gullo","og_description":"Restart 90 cm se compose d'un four \u00e9lectrique principal et d'un second mini-four \u00e9lectrique avec grill et r\u00f4tisserie \u00e9lectrique.","og_url":"https:\/\/officinegullo.com\/fr\/machines-et-appareils-de-cuisson\/restart\/restart-90-double-four\/","og_site_name":"Officine Gullo","article_modified_time":"2023-11-30T15:52:59+00:00","og_image":[{"width":1500,"height":1061,"url":"https:\/\/s3.eu-central-1.amazonaws.com\/eu.officinegullo.com\/wp-content\/uploads\/2021\/08\/26150005\/Restart90-2_Classic_OB.jpg","type":"image\/jpeg"}],"twitter_card":"summary_large_image","schema":{"@context":"https:\/\/schema.org","@graph":[{"@type":"WebPage","@id":"https:\/\/officinegullo.com\/fr\/machines-et-appareils-de-cuisson\/restart\/restart-90-double-four\/","url":"https:\/\/officinegullo.com\/fr\/machines-et-appareils-de-cuisson\/restart\/restart-90-double-four\/","name":"Restart 90 : Bloc de cuisson avec four double | Officine Gullo","isPartOf":{"@id":"https:\/\/officinegullo.com\/fr\/#website"},"primaryImageOfPage":{"@id":"https:\/\/officinegullo.com\/fr\/machines-et-appareils-de-cuisson\/restart\/restart-90-double-four\/#primaryimage"},"image":{"@id":"https:\/\/officinegullo.com\/fr\/machines-et-appareils-de-cuisson\/restart\/restart-90-double-four\/#primaryimage"},"thumbnailUrl":"https:\/\/s3.eu-central-1.amazonaws.com\/eu.officinegullo.com\/wp-content\/uploads\/2021\/08\/26150005\/Restart90-2_Classic_OB.jpg","datePublished":"2021-08-17T15:50:48+00:00","dateModified":"2023-11-30T15:52:59+00:00","description":"Restart 90 cm se compose d'un four \u00e9lectrique principal et d'un second mini-four \u00e9lectrique avec grill et r\u00f4tisserie \u00e9lectrique.","breadcrumb":{"@id":"https:\/\/officinegullo.com\/fr\/machines-et-appareils-de-cuisson\/restart\/restart-90-double-four\/#breadcrumb"},"inLanguage":"fr-FR","potentialAction":[{"@type":"ReadAction","target":["https:\/\/officinegullo.com\/fr\/machines-et-appareils-de-cuisson\/restart\/restart-90-double-four\/"]}]},{"@type":"ImageObject","inLanguage":"fr-FR","@id":"https:\/\/officinegullo.com\/fr\/machines-et-appareils-de-cuisson\/restart\/restart-90-double-four\/#primaryimage","url":"https:\/\/s3.eu-central-1.amazonaws.com\/eu.officinegullo.com\/wp-content\/uploads\/2021\/08\/26150005\/Restart90-2_Classic_OB.jpg","contentUrl":"https:\/\/s3.eu-central-1.amazonaws.com\/eu.officinegullo.com\/wp-content\/uploads\/2021\/08\/26150005\/Restart90-2_Classic_OB.jpg","width":1500,"height":1061},{"@type":"BreadcrumbList","@id":"https:\/\/officinegullo.com\/fr\/machines-et-appareils-de-cuisson\/restart\/restart-90-double-four\/#breadcrumb","itemListElement":[{"@type":"ListItem","position":1,"name":"Home","item":"https:\/\/officinegullo.com\/fr\/"},{"@type":"ListItem","position":2,"name":"Machines et appareils de cuisson","item":"https:\/\/officinegullo.com\/fr\/machines-et-appareils-de-cuisson\/"},{"@type":"ListItem","position":3,"name":"Appareils de cuisson Restart","item":"https:\/\/officinegullo.com\/fr\/machines-et-appareils-de-cuisson\/restart\/"},{"@type":"ListItem","position":4,"name":"Restart 90 double four"}]},{"@type":"WebSite","@id":"https:\/\/officinegullo.com\/fr\/#website","url":"https:\/\/officinegullo.com\/fr\/","name":"Officine Gullo","description":"Un nuovo sito targato WordPress","potentialAction":[{"@type":"SearchAction","target":{"@type":"EntryPoint","urlTemplate":"https:\/\/officinegullo.com\/fr\/?s={search_term_string}"},"query-input":{"@type":"PropertyValueSpecification","valueRequired":true,"valueName":"search_term_string"}}],"inLanguage":"fr-FR"}]}},"_links":{"self":[{"href":"https:\/\/officinegullo.com\/fr\/wp-json\/wp\/v2\/macchine\/9927","targetHints":{"allow":["GET"]}}],"collection":[{"href":"https:\/\/officinegullo.com\/fr\/wp-json\/wp\/v2\/macchine"}],"about":[{"href":"https:\/\/officinegullo.com\/fr\/wp-json\/wp\/v2\/types\/macchine"}],"version-history":[{"count":5,"href":"https:\/\/officinegullo.com\/fr\/wp-json\/wp\/v2\/macchine\/9927\/revisions"}],"predecessor-version":[{"id":20271,"href":"https:\/\/officinegullo.com\/fr\/wp-json\/wp\/v2\/macchine\/9927\/revisions\/20271"}],"wp:featuredmedia":[{"embeddable":true,"href":"https:\/\/officinegullo.com\/fr\/wp-json\/wp\/v2\/media\/96557"}],"wp:attachment":[{"href":"https:\/\/officinegullo.com\/fr\/wp-json\/wp\/v2\/media?parent=9927"}],"curies":[{"name":"wp","href":"https:\/\/api.w.org\/{rel}","templated":true}]}}