{"id":58198,"date":"2023-10-03T16:52:57","date_gmt":"2023-10-03T14:52:57","guid":{"rendered":"https:\/\/officinegullo.com\/?post_type=macchine&#038;p=58198"},"modified":"2023-11-30T14:24:53","modified_gmt":"2023-11-30T13:24:53","slug":"isola-248","status":"publish","type":"macchine","link":"https:\/\/officinegullo.com\/fr\/machines-et-appareils-de-cuisson\/isola\/isola248\/","title":{"rendered":"ISOLA 248"},"content":{"rendered":"","protected":false},"excerpt":{"rendered":"","protected":false},"featured_media":58132,"template":"","meta":{"_acf_changed":false,"footnotes":""},"class_list":["post-58198","macchine","type-macchine","status-publish","has-post-thumbnail","hentry","cat_macchine-isola","cat_macchine-og-professional"],"acf":{"hreflang":"<link rel=\"alternate\" hreflang=\"en-us\" href=\"https:\/\/us.officinegullo.com\/ranges-and-appliances\/isola\/isola248\">\n<link rel=\"alternate\" hreflang=\"fr-ca\" href=\"https:\/\/us.officinegullo.com\/fr-ca\/machines-et-appareils-de-cuisson\/isola\/isola248\">","heading":{"tipo_header":"img","titolo":"ISOLA 248","codice":"ISOLA 248","testo":"<h3>Des r\u00e9sultats de haut niveau pour les amateurs d'hospitalit\u00e9<\/h3>\r\nUn niveau \u00e9lev\u00e9 de technologie et de fonctionnalit\u00e9 pour une \u00eele de cuisson extr\u00eamement polyvalente, offrant une grande surface et diverses options de cuisson. Avec une largeur de pr\u00e8s de 2 m\u00e8tres et demi, ISOLA 248 permet de pr\u00e9parer des d\u00eeners m\u00eame pour de grands groupes d'invit\u00e9s. La possibilit\u00e9 d'installer jusqu'\u00e0 4 fours permet une cuisson simultan\u00e9e de diff\u00e9rents plats, tandis que le dessus peut \u00eatre \u00e9quip\u00e9 de tous les outils de cuisson les plus utiles, notamment des br\u00fbleurs, des coup de feu, des plaques frytop, des cuiseurs de p\u00e2tes et des friteuses, ou laiss\u00e9 neutre pour la pr\u00e9paration des aliments.","finiture":[{"dettagli_finitura":[4247,4257,4252]},{"dettagli_finitura":[4267,4262,4272]},{"dettagli_finitura":[4282,4277,4287]},{"dettagli_finitura":[4297,4292,4302]},{"dettagli_finitura":[4307,4317,4312]},{"dettagli_finitura":[4332,4322,4327]}],"immagine":58132,"galleria":null,"variazioni":[{"manopola":"Manopola 1","finitura":"Finitura 1","immagine":923,"codice":""},{"manopola":"Manopola 1","finitura":"Finitura 2","immagine":918,"codice":""},{"manopola":"Manopola 2","finitura":"Finitura 1","immagine":913,"codice":""},{"manopola":"Manopola 2","finitura":"Finitura 2","immagine":898,"codice":""},{"manopola":"Manopola 3","finitura":"Finitura 1","immagine":903,"codice":""},{"manopola":"Manopola 3","finitura":"Finitura 2","immagine":908,"codice":""}]},"contenuto":"mod","gruppo_fisso":{"":null,"tipo_media_descrizione":"img","testo_descrizione":"<h3>Titolo provvisorio<\/h3>\r\nLorem ipsum dolor sit amet, consectetur adipiscing elit, sed do eiusmod tempor incididunt ut labore et dolore magna aliqua. Ut enim ad minim veniam, quis nostrud exercitation ullamco laboris nisi ut aliquip ex ea commodo consequat. Duis aute irure dolor in reprehenderit in voluptate velit esse cillum dolore eu fugiat nulla pariatur. Excepteur sint occaecat cupidatat non proident, sunt in culpa qui officia deserunt mollit anim id est laborum.","immagine_descrizione":2046,"gallery_descrizione":null,"layout":false,"colonna_1":"<h3>Titolo provvisorio<\/h3>\r\nLorem ipsum dolor sit amet, consectetur adipiscing elit, sed do eiusmod tempor incididunt ut labore et dolore magna aliqua. Ut enim ad minim veniam, quis nostrud exercitation ullamco laboris nisi ut aliquip ex ea commodo consequat. Duis aute irure dolor in reprehenderit in voluptate velit esse cillum dolore eu fugiat nulla pariatur. Excepteur sint occaecat cupidatat non proident, sunt in culpa qui officia deserunt mollit anim id est laborum.\r\n\r\nDuis aute irure dolor in reprehenderit in voluptate velit esse cillum dolore eu fugiat nulla pariatur. Excepteur sint occaecat cupidatat non proident, sunt in culpa qui officia deserunt mollit anim id est laborum.","colonna_2":"<h3>Titolo provvisorio<\/h3>\r\nDuis aute irure dolor in reprehenderit in voluptate velit esse cillum dolore eu fugiat nulla pariatur. Excepteur sint occaecat cupidatat non proident, sunt in culpa qui officia deserunt mollit anim id est laborum.\r\n<h3>Titolo provvisorio<\/h3>\r\nDuis aute irure dolor in reprehenderit in voluptate velit esse cillum dolore eu fugiat nulla pariatur. Excepteur sint occaecat cupidatat non proident, sunt in culpa qui officia deserunt mollit anim id est laborum.","colonna_3":"Lorem ipsum dolor sit amet, consectetur adipiscing elit, sed do eiusmod tempor incididunt ut labore et dolore magna aliqua. Ut enim ad minim veniam, quis nostrud exercitation ullamco laboris nisi ut aliquip ex ea commodo consequat. Duis aute irure dolor in reprehenderit in voluptate velit esse cillum dolore eu fugiat nulla pariatur. Excepteur sint occaecat cupidatat non proident, sunt in culpa qui officia deserunt mollit anim id est laborum.","colonna_4":"<h3>Titolo provvisorio<\/h3>\r\nLorem ipsum dolor sit amet, consectetur adipiscing elit, sed do eiusmod tempor incididunt ut labore et dolore magna aliqua. Ut enim ad minim veniam, quis nostrud exercitation ullamco laboris nisi ut aliquip ex ea commodo consequat. Duis aute irure dolor in reprehenderit in voluptate velit esse cillum dolore eu fugiat nulla pariatur. Excepteur sint occaecat cupidatat non proident, sunt in culpa qui officia deserunt mollit anim id est laborum.","dati_tecnici":null,"gallery":[2056,2051,2046,2041,2036,2031,2026,2021,2016,2011],"item":"OGFIO048","variants":"","forcedvariants":" _TPALIMENTA=DFUL;_MODPORTA=SLD;_FIN=CDF;_FINRAL=RO1013;","model":"XM0","adds":""},"gruppo_tab":{"tabs":[{"label":"Personnalisation","page_builder":[{"acf_fc_layout":"mod_media","titolo":"Personnalisez votre ISOLA","cta":{"title":"D\u00e9couvrez les mod\u00e8les disponibles","url":"\/fr\/machines-et-appareils-de-cuisson\/modules-og-professional\/","target":""},"orientamento":"sx","testo":"La composition de l'appareil de cuisson peut \u00eatre personnalis\u00e9e en fonction des souhaits et des habitudes culinaires de son propri\u00e9taire. En effet, il est possible de composer \u00e0 la fois la plaque de cuisson et la zone situ\u00e9e en dessous avec diff\u00e9rents \u00e9l\u00e9ments.","tipo_media":"imgs","immagine":null,"galleria":[2186,2181,2176,2171,2166,2161,2156],"video_id":""}]},{"label":"Couleurs et finitions","page_builder":[{"acf_fc_layout":"mod_finituresingle","tipo_finiture":"col1","gruppo_finiture":{"titolo":"","finiture":null},"tipo_colori":"col1","gruppo_colori":{"titolo":"","colori":null,"testo":""},"tipo_personalizzazioni":"col1","gruppo_personalizzazioni":{"titolo":"","titolo_c_st":"","titolo_c_sp":"","lista_codici_colore":"","lista nomi colori":"","lista_codici_colore_s":"","lista nomi colori_s":"","personalizzazioni":null}}]}]},"accessori":{"visibile":"no","titolo":"Completa la tua cucina","cta":null,"accessories":[{"post":null,"titolo":"Cappe","cta_link":"","cta":"Scopri di pi\u00f9","immagine":1373,"testo":"Nate dall\u2019esigenza di avere un\u2019aspirazione perfetta per le potenti macchina di cottura, le cappe Officine Gullo non sono dei semplici motori aspiranti, bens\u00ec strutture auto portanti costruite artigianalmente, capaci di garantire un\u2019estrazione veloce e potente di odori e vapori."},{"post":null,"titolo":"Refrigerazione","cta_link":"","cta":"Scopri di pi\u00f9","immagine":1368,"testo":"Officine Gullo ha selezionato una gamma di frigoriferi, combinati frigo-congelatore e congelatori che si integra perfettamente all\u2019interno della collezione e riesce a offrire uno spazio interno maggiore rispetto agli apparecchi di raffreddamento standard."},{"post":null,"titolo":"Pannelli e mensole","cta_link":{"title":"Scopri di pi\u00f9","url":"\/accessori\/pannelli-e-mensole\/","target":""},"cta":"Scopri di pi\u00f9","immagine":1183,"testo":"Questi oggetti sono molto pi\u00f9 che semplici dettagli della cucina: curati in ogni singolo particolare, rendono la cucina fruibile e funzionale, oltre a regalare calore e atmosfera alla cucina."}]},"correlati":{"titolo":"","cta":null,"related":null}},"yoast_head":"<!-- This site is optimized with the Yoast SEO Premium plugin v27.4 (Yoast SEO v27.4) - https:\/\/yoast.com\/product\/yoast-seo-premium-wordpress\/ -->\n<title>Ilot de cuisine professionnel 248 cm | Officine Gullo<\/title>\n<meta name=\"description\" content=\"Un haut niveau de technologie et de fonctionnalit\u00e9 pour un \u00eelot de cuisson extr\u00eamement polyvalent, offrant une grande surface et de nombreuses possibilit\u00e9s de cuisson.\" \/>\n<meta name=\"robots\" content=\"index, follow, max-snippet:-1, max-image-preview:large, max-video-preview:-1\" \/>\n<link rel=\"canonical\" href=\"https:\/\/officinegullo.com\/fr\/machines-et-appareils-de-cuisson\/isola\/isola248\/\" \/>\n<meta property=\"og:locale\" content=\"fr_FR\" \/>\n<meta property=\"og:type\" content=\"article\" \/>\n<meta property=\"og:title\" content=\"Ilot de cuisine professionnel 248 cm | Officine Gullo\" \/>\n<meta property=\"og:description\" content=\"Un haut niveau de technologie et de fonctionnalit\u00e9 pour un \u00eelot de cuisson extr\u00eamement polyvalent, offrant une grande surface et de nombreuses possibilit\u00e9s de cuisson.\" \/>\n<meta property=\"og:url\" content=\"https:\/\/officinegullo.com\/fr\/machines-et-appareils-de-cuisson\/isola\/isola248\/\" \/>\n<meta property=\"og:site_name\" content=\"Officine Gullo\" \/>\n<meta property=\"article:modified_time\" content=\"2023-11-30T13:24:53+00:00\" \/>\n<meta property=\"og:image\" content=\"https:\/\/s3.eu-central-1.amazonaws.com\/eu.officinegullo.com\/wp-content\/uploads\/2023\/10\/03111630\/ISL248.png\" \/>\n\t<meta property=\"og:image:width\" content=\"836\" \/>\n\t<meta property=\"og:image:height\" content=\"512\" \/>\n\t<meta property=\"og:image:type\" content=\"image\/png\" \/>\n<meta name=\"twitter:card\" content=\"summary_large_image\" \/>\n<script type=\"application\/ld+json\" class=\"yoast-schema-graph\">{\"@context\":\"https:\\\/\\\/schema.org\",\"@graph\":[{\"@type\":\"WebPage\",\"@id\":\"https:\\\/\\\/officinegullo.com\\\/fr\\\/machines-et-appareils-de-cuisson\\\/isola\\\/isola248\\\/\",\"url\":\"https:\\\/\\\/officinegullo.com\\\/fr\\\/machines-et-appareils-de-cuisson\\\/isola\\\/isola248\\\/\",\"name\":\"Ilot de cuisine professionnel 248 cm | Officine Gullo\",\"isPartOf\":{\"@id\":\"https:\\\/\\\/officinegullo.com\\\/fr\\\/#website\"},\"primaryImageOfPage\":{\"@id\":\"https:\\\/\\\/officinegullo.com\\\/fr\\\/machines-et-appareils-de-cuisson\\\/isola\\\/isola248\\\/#primaryimage\"},\"image\":{\"@id\":\"https:\\\/\\\/officinegullo.com\\\/fr\\\/machines-et-appareils-de-cuisson\\\/isola\\\/isola248\\\/#primaryimage\"},\"thumbnailUrl\":\"https:\\\/\\\/s3.eu-central-1.amazonaws.com\\\/eu.officinegullo.com\\\/wp-content\\\/uploads\\\/2023\\\/10\\\/03111630\\\/ISL248.png\",\"datePublished\":\"2023-10-03T14:52:57+00:00\",\"dateModified\":\"2023-11-30T13:24:53+00:00\",\"description\":\"Un haut niveau de technologie et de fonctionnalit\u00e9 pour un \u00eelot de cuisson extr\u00eamement polyvalent, offrant une grande surface et de nombreuses possibilit\u00e9s de cuisson.\",\"breadcrumb\":{\"@id\":\"https:\\\/\\\/officinegullo.com\\\/fr\\\/machines-et-appareils-de-cuisson\\\/isola\\\/isola248\\\/#breadcrumb\"},\"inLanguage\":\"fr-FR\",\"potentialAction\":[{\"@type\":\"ReadAction\",\"target\":[\"https:\\\/\\\/officinegullo.com\\\/fr\\\/machines-et-appareils-de-cuisson\\\/isola\\\/isola248\\\/\"]}]},{\"@type\":\"ImageObject\",\"inLanguage\":\"fr-FR\",\"@id\":\"https:\\\/\\\/officinegullo.com\\\/fr\\\/machines-et-appareils-de-cuisson\\\/isola\\\/isola248\\\/#primaryimage\",\"url\":\"https:\\\/\\\/s3.eu-central-1.amazonaws.com\\\/eu.officinegullo.com\\\/wp-content\\\/uploads\\\/2023\\\/10\\\/03111630\\\/ISL248.png\",\"contentUrl\":\"https:\\\/\\\/s3.eu-central-1.amazonaws.com\\\/eu.officinegullo.com\\\/wp-content\\\/uploads\\\/2023\\\/10\\\/03111630\\\/ISL248.png\",\"width\":836,\"height\":512},{\"@type\":\"BreadcrumbList\",\"@id\":\"https:\\\/\\\/officinegullo.com\\\/fr\\\/machines-et-appareils-de-cuisson\\\/isola\\\/isola248\\\/#breadcrumb\",\"itemListElement\":[{\"@type\":\"ListItem\",\"position\":1,\"name\":\"Home\",\"item\":\"https:\\\/\\\/officinegullo.com\\\/fr\\\/\"},{\"@type\":\"ListItem\",\"position\":2,\"name\":\"Machines et appareils de cuisson\",\"item\":\"https:\\\/\\\/officinegullo.com\\\/fr\\\/machines-et-appareils-de-cuisson\\\/\"},{\"@type\":\"ListItem\",\"position\":3,\"name\":\"Appareils de cuisson Isola\",\"item\":\"https:\\\/\\\/officinegullo.com\\\/fr\\\/machines-et-appareils-de-cuisson\\\/isola\\\/\"},{\"@type\":\"ListItem\",\"position\":4,\"name\":\"ISOLA 248\"}]},{\"@type\":\"WebSite\",\"@id\":\"https:\\\/\\\/officinegullo.com\\\/fr\\\/#website\",\"url\":\"https:\\\/\\\/officinegullo.com\\\/fr\\\/\",\"name\":\"Officine Gullo\",\"description\":\"Un nuovo sito targato WordPress\",\"potentialAction\":[{\"@type\":\"SearchAction\",\"target\":{\"@type\":\"EntryPoint\",\"urlTemplate\":\"https:\\\/\\\/officinegullo.com\\\/fr\\\/?s={search_term_string}\"},\"query-input\":{\"@type\":\"PropertyValueSpecification\",\"valueRequired\":true,\"valueName\":\"search_term_string\"}}],\"inLanguage\":\"fr-FR\"}]}<\/script>\n<!-- \/ Yoast SEO Premium plugin. -->","yoast_head_json":{"title":"Ilot de cuisine professionnel 248 cm | Officine Gullo","description":"Un haut niveau de technologie et de fonctionnalit\u00e9 pour un \u00eelot de cuisson extr\u00eamement polyvalent, offrant une grande surface et de nombreuses possibilit\u00e9s de cuisson.","robots":{"index":"index","follow":"follow","max-snippet":"max-snippet:-1","max-image-preview":"max-image-preview:large","max-video-preview":"max-video-preview:-1"},"canonical":"https:\/\/officinegullo.com\/fr\/machines-et-appareils-de-cuisson\/isola\/isola248\/","og_locale":"fr_FR","og_type":"article","og_title":"Ilot de cuisine professionnel 248 cm | Officine Gullo","og_description":"Un haut niveau de technologie et de fonctionnalit\u00e9 pour un \u00eelot de cuisson extr\u00eamement polyvalent, offrant une grande surface et de nombreuses possibilit\u00e9s de cuisson.","og_url":"https:\/\/officinegullo.com\/fr\/machines-et-appareils-de-cuisson\/isola\/isola248\/","og_site_name":"Officine Gullo","article_modified_time":"2023-11-30T13:24:53+00:00","og_image":[{"width":836,"height":512,"url":"https:\/\/s3.eu-central-1.amazonaws.com\/eu.officinegullo.com\/wp-content\/uploads\/2023\/10\/03111630\/ISL248.png","type":"image\/png"}],"twitter_card":"summary_large_image","schema":{"@context":"https:\/\/schema.org","@graph":[{"@type":"WebPage","@id":"https:\/\/officinegullo.com\/fr\/machines-et-appareils-de-cuisson\/isola\/isola248\/","url":"https:\/\/officinegullo.com\/fr\/machines-et-appareils-de-cuisson\/isola\/isola248\/","name":"Ilot de cuisine professionnel 248 cm | Officine Gullo","isPartOf":{"@id":"https:\/\/officinegullo.com\/fr\/#website"},"primaryImageOfPage":{"@id":"https:\/\/officinegullo.com\/fr\/machines-et-appareils-de-cuisson\/isola\/isola248\/#primaryimage"},"image":{"@id":"https:\/\/officinegullo.com\/fr\/machines-et-appareils-de-cuisson\/isola\/isola248\/#primaryimage"},"thumbnailUrl":"https:\/\/s3.eu-central-1.amazonaws.com\/eu.officinegullo.com\/wp-content\/uploads\/2023\/10\/03111630\/ISL248.png","datePublished":"2023-10-03T14:52:57+00:00","dateModified":"2023-11-30T13:24:53+00:00","description":"Un haut niveau de technologie et de fonctionnalit\u00e9 pour un \u00eelot de cuisson extr\u00eamement polyvalent, offrant une grande surface et de nombreuses possibilit\u00e9s de cuisson.","breadcrumb":{"@id":"https:\/\/officinegullo.com\/fr\/machines-et-appareils-de-cuisson\/isola\/isola248\/#breadcrumb"},"inLanguage":"fr-FR","potentialAction":[{"@type":"ReadAction","target":["https:\/\/officinegullo.com\/fr\/machines-et-appareils-de-cuisson\/isola\/isola248\/"]}]},{"@type":"ImageObject","inLanguage":"fr-FR","@id":"https:\/\/officinegullo.com\/fr\/machines-et-appareils-de-cuisson\/isola\/isola248\/#primaryimage","url":"https:\/\/s3.eu-central-1.amazonaws.com\/eu.officinegullo.com\/wp-content\/uploads\/2023\/10\/03111630\/ISL248.png","contentUrl":"https:\/\/s3.eu-central-1.amazonaws.com\/eu.officinegullo.com\/wp-content\/uploads\/2023\/10\/03111630\/ISL248.png","width":836,"height":512},{"@type":"BreadcrumbList","@id":"https:\/\/officinegullo.com\/fr\/machines-et-appareils-de-cuisson\/isola\/isola248\/#breadcrumb","itemListElement":[{"@type":"ListItem","position":1,"name":"Home","item":"https:\/\/officinegullo.com\/fr\/"},{"@type":"ListItem","position":2,"name":"Machines et appareils de cuisson","item":"https:\/\/officinegullo.com\/fr\/machines-et-appareils-de-cuisson\/"},{"@type":"ListItem","position":3,"name":"Appareils de cuisson Isola","item":"https:\/\/officinegullo.com\/fr\/machines-et-appareils-de-cuisson\/isola\/"},{"@type":"ListItem","position":4,"name":"ISOLA 248"}]},{"@type":"WebSite","@id":"https:\/\/officinegullo.com\/fr\/#website","url":"https:\/\/officinegullo.com\/fr\/","name":"Officine Gullo","description":"Un nuovo sito targato WordPress","potentialAction":[{"@type":"SearchAction","target":{"@type":"EntryPoint","urlTemplate":"https:\/\/officinegullo.com\/fr\/?s={search_term_string}"},"query-input":{"@type":"PropertyValueSpecification","valueRequired":true,"valueName":"search_term_string"}}],"inLanguage":"fr-FR"}]}},"_links":{"self":[{"href":"https:\/\/officinegullo.com\/fr\/wp-json\/wp\/v2\/macchine\/58198","targetHints":{"allow":["GET"]}}],"collection":[{"href":"https:\/\/officinegullo.com\/fr\/wp-json\/wp\/v2\/macchine"}],"about":[{"href":"https:\/\/officinegullo.com\/fr\/wp-json\/wp\/v2\/types\/macchine"}],"version-history":[{"count":2,"href":"https:\/\/officinegullo.com\/fr\/wp-json\/wp\/v2\/macchine\/58198\/revisions"}],"predecessor-version":[{"id":58239,"href":"https:\/\/officinegullo.com\/fr\/wp-json\/wp\/v2\/macchine\/58198\/revisions\/58239"}],"wp:featuredmedia":[{"embeddable":true,"href":"https:\/\/officinegullo.com\/fr\/wp-json\/wp\/v2\/media\/58132"}],"wp:attachment":[{"href":"https:\/\/officinegullo.com\/fr\/wp-json\/wp\/v2\/media?parent=58198"}],"curies":[{"name":"wp","href":"https:\/\/api.w.org\/{rel}","templated":true}]}}