{"id":11567,"date":"2021-09-16T09:50:00","date_gmt":"2021-09-16T07:50:00","guid":{"rendered":"https:\/\/officinegullo.com\/macchine-cottura-ed-elettrodomestici\/refrigerateur-sous-comptoir\/"},"modified":"2023-12-07T17:16:47","modified_gmt":"2023-12-07T16:16:47","slug":"refrigerateur-sous-comptoir","status":"publish","type":"macchine","link":"https:\/\/officinegullo.com\/fr\/machines-et-appareils-de-cuisson\/refrigeration\/refrigerateur-sous-comptoir\/","title":{"rendered":"R\u00e9frig\u00e9rateur sous\u2013comptoir de 60 cm s\u00e9rie professional"},"content":{"rendered":"","protected":false},"excerpt":{"rendered":"","protected":false},"featured_media":55657,"template":"","meta":{"_acf_changed":false,"footnotes":""},"class_list":["post-11567","macchine","type-macchine","status-publish","has-post-thumbnail","hentry","cat_macchine-refrigeration","attr_macchine-congelateurs"],"acf":{"hreflang":"<link rel=\"alternate\" hreflang=\"ru\" href=\"https:\/\/ru.officinegullo.com\/ranges-and-appliances\/refrigeration\/under-counter-refrigerator\/\">\n<link rel=\"alternate\" hreflang=\"zh\" href=\"https:\/\/officinegullo.cn\/ranges-and-appliances\/refrigeration\/under-counter-refrigerator\/\">","heading":{"tipo_header":"imgs","titolo":"R\u00e9frig\u00e9rateur sous\u2013comptoir de 60 cm s\u00e9rie professional","codice":"1E006GG0015A+1CL06GG0004A","testo":"<strong>Dimensions<\/strong>\r\nL x H x P (cm): 59,8 x 82 x 54,8\r\n\r\n<strong>Finitions<\/strong>\r\nLaiton Bruni \/ Laiton Poli \/ Nickel Satin\u00e9 \/ Chrome Poli \/ Chrome Satin\u00e9 \/ Gunmetal \/ Cuivre\r\n\r\n<strong>Mat\u00e9riel<\/strong>\r\nAcier peint couleur personnalis\u00e9e","finiture":null,"immagine":"","galleria":[55657,55622,55632,55642,55652,55662,55667],"variazioni":null},"contenuto":"fisso","gruppo_fisso":{"":null,"tipo_media_descrizione":"img","testo_descrizione":"","immagine_descrizione":"","gallery_descrizione":null,"layout":"tab","colonna_1":"","colonna_2":"","colonna_3":"","colonna_4":"","dati_tecnici":[{"label":"Caract\u00e9ristiques","testo":"D\u00e9givrage automatique par \u00e9vaporation.\r\nSyst\u00e8me de fermeture Softclose de la porte \u00e0 partir d'un angle d'ouverture de 20\u00b0."},{"label":"Cooling","testo":"3 tablettes en verre de s\u00e9curit\u00e9, dont 2 r\u00e9glables en hauteur.\r\n1 tiroir coulissant.\r\n1 bac \u00e0 l\u00e9gumes.\r\n1 grand compartiment pour bouteilles dans la contre-porte.\r\n2 compartiments dans la contre-porte.\r\nEclairage int\u00e9rieur lumineux.\r\nVolume utile 137 litres."},{"label":"Consommations","testo":"Classe d'efficacit\u00e9 \u00e9nerg\u00e9tique F sur une \u00e9chelle de A \u00e0 G.\r\nConsommation \u00e9nerg\u00e9tique 114 kWh\/an.\r\nNiveau sonore 38 DB (A) re 1 pW."},{"label":"Conseils d'installation","testo":"Charni\u00e8re pantographe.\r\nCharni\u00e8res \u00e0 droite, r\u00e9versibles.\r\nAngle d'ouverture de porte 115\u00b0, peut \u00eatre bloqu\u00e9 \u00e0 90\u00b0.\r\nPoids maxi. de l'habillage de la porte 14 kg.\r\nPieds r\u00e9glables en hauteur.\r\nHauteur du socle r\u00e9glable: de 100 - 170 mm pour hauteur de niche 820 mm.\r\nHauteur du socle r\u00e9glable: de 150 - 220 mm pour hauteur de niche 870 mm.\r\nLa grille d'a\u00e9ration livr\u00e9e doit \u00eatre utilis\u00e9e.\r\nLa prise doit \u00eatre pr\u00e9vue en dehors de la niche."},{"label":"Valeurs de raccordement","testo":"Puissance de raccordement totale 0.09 kW.\r\nC\u00e2ble de raccordement 2.3 m avec prise."}],"gallery":"","item":"FRRELESOT002","variants":"","forcedvariants":"_FRIGO_SOTTOPIANO=FRR.GAG.RC200202;_FINRAL=RO9016;_FIN=OBR;","model":"CM0","adds":""},"gruppo_tab":{"tabs":null},"accessori":{"visibile":"no","titolo":"","cta":"","accessories":null},"correlati":{"titolo":"","cta":null,"related":null}},"yoast_head":"<!-- This site is optimized with the Yoast SEO Premium plugin v27.4 (Yoast SEO v27.4) - https:\/\/yoast.com\/product\/yoast-seo-premium-wordpress\/ -->\n<title>R\u00e9frig\u00e9rateur de comptoir 60 cm S\u00e9rie Professionnelle | Officine Gullo<\/title>\n<meta name=\"description\" content=\"R\u00e9frig\u00e9rateur de comptoir Officine Gullo de 60 cm avec \u00e9tag\u00e8res en verre, tiroir extractible, grand compartiment \u00e0 fruits et \u00e9clairage int\u00e9rieur.\" \/>\n<meta name=\"robots\" content=\"index, follow, max-snippet:-1, max-image-preview:large, max-video-preview:-1\" \/>\n<link rel=\"canonical\" href=\"https:\/\/officinegullo.com\/fr\/machines-et-appareils-de-cuisson\/refrigeration\/refrigerateur-sous-comptoir\/\" \/>\n<meta property=\"og:locale\" content=\"fr_FR\" \/>\n<meta property=\"og:type\" content=\"article\" \/>\n<meta property=\"og:title\" content=\"R\u00e9frig\u00e9rateur de comptoir 60 cm S\u00e9rie Professionnelle | Officine Gullo\" \/>\n<meta property=\"og:description\" content=\"R\u00e9frig\u00e9rateur de comptoir Officine Gullo de 60 cm avec \u00e9tag\u00e8res en verre, tiroir extractible, grand compartiment \u00e0 fruits et \u00e9clairage int\u00e9rieur.\" \/>\n<meta property=\"og:url\" content=\"https:\/\/officinegullo.com\/fr\/machines-et-appareils-de-cuisson\/refrigeration\/refrigerateur-sous-comptoir\/\" \/>\n<meta property=\"og:site_name\" content=\"Officine Gullo\" \/>\n<meta property=\"article:modified_time\" content=\"2023-12-07T16:16:47+00:00\" \/>\n<meta property=\"og:image\" content=\"https:\/\/s3.eu-central-1.amazonaws.com\/eu.officinegullo.com\/wp-content\/uploads\/2021\/08\/11133352\/FRFG411S_GM.jpg\" \/>\n\t<meta property=\"og:image:width\" content=\"1500\" \/>\n\t<meta property=\"og:image:height\" content=\"1500\" \/>\n\t<meta property=\"og:image:type\" content=\"image\/jpeg\" \/>\n<meta name=\"twitter:card\" content=\"summary_large_image\" \/>\n<script type=\"application\/ld+json\" class=\"yoast-schema-graph\">{\"@context\":\"https:\\\/\\\/schema.org\",\"@graph\":[{\"@type\":\"WebPage\",\"@id\":\"https:\\\/\\\/officinegullo.com\\\/fr\\\/machines-et-appareils-de-cuisson\\\/refrigeration\\\/refrigerateur-sous-comptoir\\\/\",\"url\":\"https:\\\/\\\/officinegullo.com\\\/fr\\\/machines-et-appareils-de-cuisson\\\/refrigeration\\\/refrigerateur-sous-comptoir\\\/\",\"name\":\"R\u00e9frig\u00e9rateur de comptoir 60 cm S\u00e9rie Professionnelle | Officine Gullo\",\"isPartOf\":{\"@id\":\"https:\\\/\\\/officinegullo.com\\\/fr\\\/#website\"},\"primaryImageOfPage\":{\"@id\":\"https:\\\/\\\/officinegullo.com\\\/fr\\\/machines-et-appareils-de-cuisson\\\/refrigeration\\\/refrigerateur-sous-comptoir\\\/#primaryimage\"},\"image\":{\"@id\":\"https:\\\/\\\/officinegullo.com\\\/fr\\\/machines-et-appareils-de-cuisson\\\/refrigeration\\\/refrigerateur-sous-comptoir\\\/#primaryimage\"},\"thumbnailUrl\":\"https:\\\/\\\/s3.eu-central-1.amazonaws.com\\\/eu.officinegullo.com\\\/wp-content\\\/uploads\\\/2021\\\/08\\\/11133352\\\/FRFG411S_GM.jpg\",\"datePublished\":\"2021-09-16T07:50:00+00:00\",\"dateModified\":\"2023-12-07T16:16:47+00:00\",\"description\":\"R\u00e9frig\u00e9rateur de comptoir Officine Gullo de 60 cm avec \u00e9tag\u00e8res en verre, tiroir extractible, grand compartiment \u00e0 fruits et \u00e9clairage int\u00e9rieur.\",\"breadcrumb\":{\"@id\":\"https:\\\/\\\/officinegullo.com\\\/fr\\\/machines-et-appareils-de-cuisson\\\/refrigeration\\\/refrigerateur-sous-comptoir\\\/#breadcrumb\"},\"inLanguage\":\"fr-FR\",\"potentialAction\":[{\"@type\":\"ReadAction\",\"target\":[\"https:\\\/\\\/officinegullo.com\\\/fr\\\/machines-et-appareils-de-cuisson\\\/refrigeration\\\/refrigerateur-sous-comptoir\\\/\"]}]},{\"@type\":\"ImageObject\",\"inLanguage\":\"fr-FR\",\"@id\":\"https:\\\/\\\/officinegullo.com\\\/fr\\\/machines-et-appareils-de-cuisson\\\/refrigeration\\\/refrigerateur-sous-comptoir\\\/#primaryimage\",\"url\":\"https:\\\/\\\/s3.eu-central-1.amazonaws.com\\\/eu.officinegullo.com\\\/wp-content\\\/uploads\\\/2021\\\/08\\\/11133352\\\/FRFG411S_GM.jpg\",\"contentUrl\":\"https:\\\/\\\/s3.eu-central-1.amazonaws.com\\\/eu.officinegullo.com\\\/wp-content\\\/uploads\\\/2021\\\/08\\\/11133352\\\/FRFG411S_GM.jpg\",\"width\":1500,\"height\":1500},{\"@type\":\"BreadcrumbList\",\"@id\":\"https:\\\/\\\/officinegullo.com\\\/fr\\\/machines-et-appareils-de-cuisson\\\/refrigeration\\\/refrigerateur-sous-comptoir\\\/#breadcrumb\",\"itemListElement\":[{\"@type\":\"ListItem\",\"position\":1,\"name\":\"Home\",\"item\":\"https:\\\/\\\/officinegullo.com\\\/fr\\\/\"},{\"@type\":\"ListItem\",\"position\":2,\"name\":\"Machines et appareils de cuisson\",\"item\":\"https:\\\/\\\/officinegullo.com\\\/fr\\\/machines-et-appareils-de-cuisson\\\/\"},{\"@type\":\"ListItem\",\"position\":3,\"name\":\"R\u00e9frig\u00e9ration\",\"item\":\"https:\\\/\\\/officinegullo.com\\\/fr\\\/machines-et-appareils-de-cuisson\\\/refrigeration\\\/\"},{\"@type\":\"ListItem\",\"position\":4,\"name\":\"R\u00e9frig\u00e9rateur sous\u2013comptoir de 60 cm s\u00e9rie professional\"}]},{\"@type\":\"WebSite\",\"@id\":\"https:\\\/\\\/officinegullo.com\\\/fr\\\/#website\",\"url\":\"https:\\\/\\\/officinegullo.com\\\/fr\\\/\",\"name\":\"Officine Gullo\",\"description\":\"Un nuovo sito targato WordPress\",\"potentialAction\":[{\"@type\":\"SearchAction\",\"target\":{\"@type\":\"EntryPoint\",\"urlTemplate\":\"https:\\\/\\\/officinegullo.com\\\/fr\\\/?s={search_term_string}\"},\"query-input\":{\"@type\":\"PropertyValueSpecification\",\"valueRequired\":true,\"valueName\":\"search_term_string\"}}],\"inLanguage\":\"fr-FR\"}]}<\/script>\n<!-- \/ Yoast SEO Premium plugin. -->","yoast_head_json":{"title":"R\u00e9frig\u00e9rateur de comptoir 60 cm S\u00e9rie Professionnelle | Officine Gullo","description":"R\u00e9frig\u00e9rateur de comptoir Officine Gullo de 60 cm avec \u00e9tag\u00e8res en verre, tiroir extractible, grand compartiment \u00e0 fruits et \u00e9clairage int\u00e9rieur.","robots":{"index":"index","follow":"follow","max-snippet":"max-snippet:-1","max-image-preview":"max-image-preview:large","max-video-preview":"max-video-preview:-1"},"canonical":"https:\/\/officinegullo.com\/fr\/machines-et-appareils-de-cuisson\/refrigeration\/refrigerateur-sous-comptoir\/","og_locale":"fr_FR","og_type":"article","og_title":"R\u00e9frig\u00e9rateur de comptoir 60 cm S\u00e9rie Professionnelle | Officine Gullo","og_description":"R\u00e9frig\u00e9rateur de comptoir Officine Gullo de 60 cm avec \u00e9tag\u00e8res en verre, tiroir extractible, grand compartiment \u00e0 fruits et \u00e9clairage int\u00e9rieur.","og_url":"https:\/\/officinegullo.com\/fr\/machines-et-appareils-de-cuisson\/refrigeration\/refrigerateur-sous-comptoir\/","og_site_name":"Officine Gullo","article_modified_time":"2023-12-07T16:16:47+00:00","og_image":[{"width":1500,"height":1500,"url":"https:\/\/s3.eu-central-1.amazonaws.com\/eu.officinegullo.com\/wp-content\/uploads\/2021\/08\/11133352\/FRFG411S_GM.jpg","type":"image\/jpeg"}],"twitter_card":"summary_large_image","schema":{"@context":"https:\/\/schema.org","@graph":[{"@type":"WebPage","@id":"https:\/\/officinegullo.com\/fr\/machines-et-appareils-de-cuisson\/refrigeration\/refrigerateur-sous-comptoir\/","url":"https:\/\/officinegullo.com\/fr\/machines-et-appareils-de-cuisson\/refrigeration\/refrigerateur-sous-comptoir\/","name":"R\u00e9frig\u00e9rateur de comptoir 60 cm S\u00e9rie Professionnelle | Officine Gullo","isPartOf":{"@id":"https:\/\/officinegullo.com\/fr\/#website"},"primaryImageOfPage":{"@id":"https:\/\/officinegullo.com\/fr\/machines-et-appareils-de-cuisson\/refrigeration\/refrigerateur-sous-comptoir\/#primaryimage"},"image":{"@id":"https:\/\/officinegullo.com\/fr\/machines-et-appareils-de-cuisson\/refrigeration\/refrigerateur-sous-comptoir\/#primaryimage"},"thumbnailUrl":"https:\/\/s3.eu-central-1.amazonaws.com\/eu.officinegullo.com\/wp-content\/uploads\/2021\/08\/11133352\/FRFG411S_GM.jpg","datePublished":"2021-09-16T07:50:00+00:00","dateModified":"2023-12-07T16:16:47+00:00","description":"R\u00e9frig\u00e9rateur de comptoir Officine Gullo de 60 cm avec \u00e9tag\u00e8res en verre, tiroir extractible, grand compartiment \u00e0 fruits et \u00e9clairage int\u00e9rieur.","breadcrumb":{"@id":"https:\/\/officinegullo.com\/fr\/machines-et-appareils-de-cuisson\/refrigeration\/refrigerateur-sous-comptoir\/#breadcrumb"},"inLanguage":"fr-FR","potentialAction":[{"@type":"ReadAction","target":["https:\/\/officinegullo.com\/fr\/machines-et-appareils-de-cuisson\/refrigeration\/refrigerateur-sous-comptoir\/"]}]},{"@type":"ImageObject","inLanguage":"fr-FR","@id":"https:\/\/officinegullo.com\/fr\/machines-et-appareils-de-cuisson\/refrigeration\/refrigerateur-sous-comptoir\/#primaryimage","url":"https:\/\/s3.eu-central-1.amazonaws.com\/eu.officinegullo.com\/wp-content\/uploads\/2021\/08\/11133352\/FRFG411S_GM.jpg","contentUrl":"https:\/\/s3.eu-central-1.amazonaws.com\/eu.officinegullo.com\/wp-content\/uploads\/2021\/08\/11133352\/FRFG411S_GM.jpg","width":1500,"height":1500},{"@type":"BreadcrumbList","@id":"https:\/\/officinegullo.com\/fr\/machines-et-appareils-de-cuisson\/refrigeration\/refrigerateur-sous-comptoir\/#breadcrumb","itemListElement":[{"@type":"ListItem","position":1,"name":"Home","item":"https:\/\/officinegullo.com\/fr\/"},{"@type":"ListItem","position":2,"name":"Machines et appareils de cuisson","item":"https:\/\/officinegullo.com\/fr\/machines-et-appareils-de-cuisson\/"},{"@type":"ListItem","position":3,"name":"R\u00e9frig\u00e9ration","item":"https:\/\/officinegullo.com\/fr\/machines-et-appareils-de-cuisson\/refrigeration\/"},{"@type":"ListItem","position":4,"name":"R\u00e9frig\u00e9rateur sous\u2013comptoir de 60 cm s\u00e9rie professional"}]},{"@type":"WebSite","@id":"https:\/\/officinegullo.com\/fr\/#website","url":"https:\/\/officinegullo.com\/fr\/","name":"Officine Gullo","description":"Un nuovo sito targato WordPress","potentialAction":[{"@type":"SearchAction","target":{"@type":"EntryPoint","urlTemplate":"https:\/\/officinegullo.com\/fr\/?s={search_term_string}"},"query-input":{"@type":"PropertyValueSpecification","valueRequired":true,"valueName":"search_term_string"}}],"inLanguage":"fr-FR"}]}},"_links":{"self":[{"href":"https:\/\/officinegullo.com\/fr\/wp-json\/wp\/v2\/macchine\/11567","targetHints":{"allow":["GET"]}}],"collection":[{"href":"https:\/\/officinegullo.com\/fr\/wp-json\/wp\/v2\/macchine"}],"about":[{"href":"https:\/\/officinegullo.com\/fr\/wp-json\/wp\/v2\/types\/macchine"}],"version-history":[{"count":1,"href":"https:\/\/officinegullo.com\/fr\/wp-json\/wp\/v2\/macchine\/11567\/revisions"}],"predecessor-version":[{"id":13810,"href":"https:\/\/officinegullo.com\/fr\/wp-json\/wp\/v2\/macchine\/11567\/revisions\/13810"}],"wp:featuredmedia":[{"embeddable":true,"href":"https:\/\/officinegullo.com\/fr\/wp-json\/wp\/v2\/media\/55657"}],"wp:attachment":[{"href":"https:\/\/officinegullo.com\/fr\/wp-json\/wp\/v2\/media?parent=11567"}],"curies":[{"name":"wp","href":"https:\/\/api.w.org\/{rel}","templated":true}]}}