{"id":24720,"date":"2022-08-22T16:33:08","date_gmt":"2022-08-22T14:33:08","guid":{"rendered":"https:\/\/officinegullo.com\/cucine-complete\/the-chef-table\/"},"modified":"2023-11-30T15:49:38","modified_gmt":"2023-11-30T14:49:38","slug":"the-chef-table","status":"publish","type":"cucine","link":"https:\/\/officinegullo.com\/fr\/les-cuisines-completes\/iles\/the-chef-table\/","title":{"rendered":"The Chef Table"},"content":{"rendered":"","protected":false},"excerpt":{"rendered":"","protected":false},"featured_media":24531,"template":"","meta":{"_acf_changed":false,"footnotes":""},"class_list":["post-24720","cucine","type-cucine","status-publish","has-post-thumbnail","hentry","cat_cucine-iles"],"acf":{"hreflang":"<link rel=\"alternate\" hreflang=\"en-us\" href=\"https:\/\/us.officinegullo.com\/complete-kitchens\/islands\/the-chef-table\/\">\n<link rel=\"alternate\" hreflang=\"fr-ca\" href=\"https:\/\/us.officinegullo.com\/fr-ca\/complete-kitchens\/iles\/the-chef-table\/\">\n<link rel=\"alternate\" hreflang=\"ru\" href=\"https:\/\/ru.officinegullo.com\/complete-kitchens\/islands\/the-chef-table\/\">","heading":{"titolo":"The Chef Table","tipo_sfondo":"no","immagine":null,"sfondo":"","colore_testo":"chiaro","video_id":"","testo":""},"correlati":{"titolo":"","cta":null,"related":null},"page_builder":[{"acf_fc_layout":"mod_media","titolo":"","cta":null,"orientamento":"sx","testo":"Un espace de cuisine sur mesure pour le chef Liam Tomlin et sa femme Jan. Un environnement \u00e9l\u00e9gant et unique qui raconte leur histoire et leur passion pour la nourriture, le vin, les voyages, l'art, la musique... Tout ce qu'ils aiment ! Comme un costume sur mesure, chaque projet de cuisine Officine Gullo est cousu selon les souhaits du client et les besoins de l'environnement, en se concentrant sur l'esth\u00e9tique et surtout sur les exigences fonctionnelles des personnes qui utiliseront la cuisine. Le c\u0153ur incontest\u00e9 de la cuisine est un \u00eelot de cuisson Officine Gullo sur pied. Autour de l'\u00eelot, Liam Tomlin r\u00e9unit famille et amis, cuisinant pour ses invit\u00e9s tout en interagissant avec.\r\n\r\n<hr \/>\r\n\r\n<b>Lieu<\/b>\r\nLe Cap, Afrique du Sud.\r\n\r\n<b>Appareils m\u00e9nagers<\/b>\r\n\u00celot de cuisson \u00e9quip\u00e9 de 4 br\u00fbleurs, d'un coup de feu, d'un cuiseur de p\u00e2tes et d'un maxi-br\u00fbleur.\r\n\r\n<b>Couleurs et mat\u00e9riaux<\/b>\r\nGris granit et Laiton chrom\u00e9.","tipo_media":"img","immagine":24511,"galleria":null,"video_id":""},{"acf_fc_layout":"mod_gallerygrid","galleria":[24531,24526,24521,24516]}]},"yoast_head":"<!-- This site is optimized with the Yoast SEO Premium plugin v27.4 (Yoast SEO v27.4) - https:\/\/yoast.com\/product\/yoast-seo-premium-wordpress\/ -->\n<title>Cuisine de chef professionnelle personnalis\u00e9e | Officine Gullo<\/title>\n<meta name=\"description\" content=\"Un espace de cuisine unique et personnalis\u00e9 au Cap pour le chef Liam Tomlin. Un m\u00e9lange d&#039;\u00e9l\u00e9gance, de passion culinaire et d&#039;histoires personnelles.\" \/>\n<meta name=\"robots\" content=\"index, follow, max-snippet:-1, max-image-preview:large, max-video-preview:-1\" \/>\n<link rel=\"canonical\" href=\"https:\/\/officinegullo.com\/fr\/les-cuisines-completes\/iles\/the-chef-table\/\" \/>\n<meta property=\"og:locale\" content=\"fr_FR\" \/>\n<meta property=\"og:type\" content=\"article\" \/>\n<meta property=\"og:title\" content=\"Cuisine de chef professionnelle personnalis\u00e9e | Officine Gullo\" \/>\n<meta property=\"og:description\" content=\"Un espace de cuisine unique et personnalis\u00e9 au Cap pour le chef Liam Tomlin. Un m\u00e9lange d&#039;\u00e9l\u00e9gance, de passion culinaire et d&#039;histoires personnelles.\" \/>\n<meta property=\"og:url\" content=\"https:\/\/officinegullo.com\/fr\/les-cuisines-completes\/iles\/the-chef-table\/\" \/>\n<meta property=\"og:site_name\" content=\"Officine Gullo\" \/>\n<meta property=\"article:modified_time\" content=\"2023-11-30T14:49:38+00:00\" \/>\n<meta property=\"og:image\" content=\"https:\/\/s3.eu-central-1.amazonaws.com\/eu.officinegullo.com\/wp-content\/uploads\/2022\/08\/22122903\/Officine-Gullo-Chef-table-project-5.jpg\" \/>\n\t<meta property=\"og:image:width\" content=\"1500\" \/>\n\t<meta property=\"og:image:height\" content=\"2250\" \/>\n\t<meta property=\"og:image:type\" content=\"image\/jpeg\" \/>\n<meta name=\"twitter:card\" content=\"summary_large_image\" \/>\n<script type=\"application\/ld+json\" class=\"yoast-schema-graph\">{\"@context\":\"https:\\\/\\\/schema.org\",\"@graph\":[{\"@type\":\"WebPage\",\"@id\":\"https:\\\/\\\/officinegullo.com\\\/fr\\\/les-cuisines-completes\\\/iles\\\/the-chef-table\\\/\",\"url\":\"https:\\\/\\\/officinegullo.com\\\/fr\\\/les-cuisines-completes\\\/iles\\\/the-chef-table\\\/\",\"name\":\"Cuisine de chef professionnelle personnalis\u00e9e | Officine Gullo\",\"isPartOf\":{\"@id\":\"https:\\\/\\\/officinegullo.com\\\/fr\\\/#website\"},\"primaryImageOfPage\":{\"@id\":\"https:\\\/\\\/officinegullo.com\\\/fr\\\/les-cuisines-completes\\\/iles\\\/the-chef-table\\\/#primaryimage\"},\"image\":{\"@id\":\"https:\\\/\\\/officinegullo.com\\\/fr\\\/les-cuisines-completes\\\/iles\\\/the-chef-table\\\/#primaryimage\"},\"thumbnailUrl\":\"https:\\\/\\\/s3.eu-central-1.amazonaws.com\\\/eu.officinegullo.com\\\/wp-content\\\/uploads\\\/2022\\\/08\\\/22122903\\\/Officine-Gullo-Chef-table-project-5.jpg\",\"datePublished\":\"2022-08-22T14:33:08+00:00\",\"dateModified\":\"2023-11-30T14:49:38+00:00\",\"description\":\"Un espace de cuisine unique et personnalis\u00e9 au Cap pour le chef Liam Tomlin. Un m\u00e9lange d'\u00e9l\u00e9gance, de passion culinaire et d'histoires personnelles.\",\"breadcrumb\":{\"@id\":\"https:\\\/\\\/officinegullo.com\\\/fr\\\/les-cuisines-completes\\\/iles\\\/the-chef-table\\\/#breadcrumb\"},\"inLanguage\":\"fr-FR\",\"potentialAction\":[{\"@type\":\"ReadAction\",\"target\":[\"https:\\\/\\\/officinegullo.com\\\/fr\\\/les-cuisines-completes\\\/iles\\\/the-chef-table\\\/\"]}]},{\"@type\":\"ImageObject\",\"inLanguage\":\"fr-FR\",\"@id\":\"https:\\\/\\\/officinegullo.com\\\/fr\\\/les-cuisines-completes\\\/iles\\\/the-chef-table\\\/#primaryimage\",\"url\":\"https:\\\/\\\/s3.eu-central-1.amazonaws.com\\\/eu.officinegullo.com\\\/wp-content\\\/uploads\\\/2022\\\/08\\\/22122903\\\/Officine-Gullo-Chef-table-project-5.jpg\",\"contentUrl\":\"https:\\\/\\\/s3.eu-central-1.amazonaws.com\\\/eu.officinegullo.com\\\/wp-content\\\/uploads\\\/2022\\\/08\\\/22122903\\\/Officine-Gullo-Chef-table-project-5.jpg\",\"width\":1500,\"height\":2250},{\"@type\":\"BreadcrumbList\",\"@id\":\"https:\\\/\\\/officinegullo.com\\\/fr\\\/les-cuisines-completes\\\/iles\\\/the-chef-table\\\/#breadcrumb\",\"itemListElement\":[{\"@type\":\"ListItem\",\"position\":1,\"name\":\"Home\",\"item\":\"https:\\\/\\\/officinegullo.com\\\/fr\\\/\"},{\"@type\":\"ListItem\",\"position\":2,\"name\":\"Cucine Complete\",\"item\":\"https:\\\/\\\/officinegullo.com\\\/fr\\\/les-cuisines-completes\\\/\"},{\"@type\":\"ListItem\",\"position\":3,\"name\":\"\u00eelots de cuisson\",\"item\":\"https:\\\/\\\/officinegullo.com\\\/fr\\\/les-cuisines-completes\\\/iles\\\/\"},{\"@type\":\"ListItem\",\"position\":4,\"name\":\"The Chef Table\"}]},{\"@type\":\"WebSite\",\"@id\":\"https:\\\/\\\/officinegullo.com\\\/fr\\\/#website\",\"url\":\"https:\\\/\\\/officinegullo.com\\\/fr\\\/\",\"name\":\"Officine Gullo\",\"description\":\"Un nuovo sito targato WordPress\",\"potentialAction\":[{\"@type\":\"SearchAction\",\"target\":{\"@type\":\"EntryPoint\",\"urlTemplate\":\"https:\\\/\\\/officinegullo.com\\\/fr\\\/?s={search_term_string}\"},\"query-input\":{\"@type\":\"PropertyValueSpecification\",\"valueRequired\":true,\"valueName\":\"search_term_string\"}}],\"inLanguage\":\"fr-FR\"}]}<\/script>\n<!-- \/ Yoast SEO Premium plugin. -->","yoast_head_json":{"title":"Cuisine de chef professionnelle personnalis\u00e9e | Officine Gullo","description":"Un espace de cuisine unique et personnalis\u00e9 au Cap pour le chef Liam Tomlin. Un m\u00e9lange d'\u00e9l\u00e9gance, de passion culinaire et d'histoires personnelles.","robots":{"index":"index","follow":"follow","max-snippet":"max-snippet:-1","max-image-preview":"max-image-preview:large","max-video-preview":"max-video-preview:-1"},"canonical":"https:\/\/officinegullo.com\/fr\/les-cuisines-completes\/iles\/the-chef-table\/","og_locale":"fr_FR","og_type":"article","og_title":"Cuisine de chef professionnelle personnalis\u00e9e | Officine Gullo","og_description":"Un espace de cuisine unique et personnalis\u00e9 au Cap pour le chef Liam Tomlin. Un m\u00e9lange d'\u00e9l\u00e9gance, de passion culinaire et d'histoires personnelles.","og_url":"https:\/\/officinegullo.com\/fr\/les-cuisines-completes\/iles\/the-chef-table\/","og_site_name":"Officine Gullo","article_modified_time":"2023-11-30T14:49:38+00:00","og_image":[{"width":1500,"height":2250,"url":"https:\/\/s3.eu-central-1.amazonaws.com\/eu.officinegullo.com\/wp-content\/uploads\/2022\/08\/22122903\/Officine-Gullo-Chef-table-project-5.jpg","type":"image\/jpeg"}],"twitter_card":"summary_large_image","schema":{"@context":"https:\/\/schema.org","@graph":[{"@type":"WebPage","@id":"https:\/\/officinegullo.com\/fr\/les-cuisines-completes\/iles\/the-chef-table\/","url":"https:\/\/officinegullo.com\/fr\/les-cuisines-completes\/iles\/the-chef-table\/","name":"Cuisine de chef professionnelle personnalis\u00e9e | Officine Gullo","isPartOf":{"@id":"https:\/\/officinegullo.com\/fr\/#website"},"primaryImageOfPage":{"@id":"https:\/\/officinegullo.com\/fr\/les-cuisines-completes\/iles\/the-chef-table\/#primaryimage"},"image":{"@id":"https:\/\/officinegullo.com\/fr\/les-cuisines-completes\/iles\/the-chef-table\/#primaryimage"},"thumbnailUrl":"https:\/\/s3.eu-central-1.amazonaws.com\/eu.officinegullo.com\/wp-content\/uploads\/2022\/08\/22122903\/Officine-Gullo-Chef-table-project-5.jpg","datePublished":"2022-08-22T14:33:08+00:00","dateModified":"2023-11-30T14:49:38+00:00","description":"Un espace de cuisine unique et personnalis\u00e9 au Cap pour le chef Liam Tomlin. Un m\u00e9lange d'\u00e9l\u00e9gance, de passion culinaire et d'histoires personnelles.","breadcrumb":{"@id":"https:\/\/officinegullo.com\/fr\/les-cuisines-completes\/iles\/the-chef-table\/#breadcrumb"},"inLanguage":"fr-FR","potentialAction":[{"@type":"ReadAction","target":["https:\/\/officinegullo.com\/fr\/les-cuisines-completes\/iles\/the-chef-table\/"]}]},{"@type":"ImageObject","inLanguage":"fr-FR","@id":"https:\/\/officinegullo.com\/fr\/les-cuisines-completes\/iles\/the-chef-table\/#primaryimage","url":"https:\/\/s3.eu-central-1.amazonaws.com\/eu.officinegullo.com\/wp-content\/uploads\/2022\/08\/22122903\/Officine-Gullo-Chef-table-project-5.jpg","contentUrl":"https:\/\/s3.eu-central-1.amazonaws.com\/eu.officinegullo.com\/wp-content\/uploads\/2022\/08\/22122903\/Officine-Gullo-Chef-table-project-5.jpg","width":1500,"height":2250},{"@type":"BreadcrumbList","@id":"https:\/\/officinegullo.com\/fr\/les-cuisines-completes\/iles\/the-chef-table\/#breadcrumb","itemListElement":[{"@type":"ListItem","position":1,"name":"Home","item":"https:\/\/officinegullo.com\/fr\/"},{"@type":"ListItem","position":2,"name":"Cucine Complete","item":"https:\/\/officinegullo.com\/fr\/les-cuisines-completes\/"},{"@type":"ListItem","position":3,"name":"\u00eelots de cuisson","item":"https:\/\/officinegullo.com\/fr\/les-cuisines-completes\/iles\/"},{"@type":"ListItem","position":4,"name":"The Chef Table"}]},{"@type":"WebSite","@id":"https:\/\/officinegullo.com\/fr\/#website","url":"https:\/\/officinegullo.com\/fr\/","name":"Officine Gullo","description":"Un nuovo sito targato WordPress","potentialAction":[{"@type":"SearchAction","target":{"@type":"EntryPoint","urlTemplate":"https:\/\/officinegullo.com\/fr\/?s={search_term_string}"},"query-input":{"@type":"PropertyValueSpecification","valueRequired":true,"valueName":"search_term_string"}}],"inLanguage":"fr-FR"}]}},"_links":{"self":[{"href":"https:\/\/officinegullo.com\/fr\/wp-json\/wp\/v2\/cucine\/24720","targetHints":{"allow":["GET"]}}],"collection":[{"href":"https:\/\/officinegullo.com\/fr\/wp-json\/wp\/v2\/cucine"}],"about":[{"href":"https:\/\/officinegullo.com\/fr\/wp-json\/wp\/v2\/types\/cucine"}],"version-history":[{"count":3,"href":"https:\/\/officinegullo.com\/fr\/wp-json\/wp\/v2\/cucine\/24720\/revisions"}],"predecessor-version":[{"id":24726,"href":"https:\/\/officinegullo.com\/fr\/wp-json\/wp\/v2\/cucine\/24720\/revisions\/24726"}],"wp:featuredmedia":[{"embeddable":true,"href":"https:\/\/officinegullo.com\/fr\/wp-json\/wp\/v2\/media\/24531"}],"wp:attachment":[{"href":"https:\/\/officinegullo.com\/fr\/wp-json\/wp\/v2\/media?parent=24720"}],"curies":[{"name":"wp","href":"https:\/\/api.w.org\/{rel}","templated":true}]}}