{"id":15355,"date":"2021-10-20T14:29:53","date_gmt":"2021-10-20T12:29:53","guid":{"rendered":"https:\/\/officinegullo.com\/macchine-cottura-ed-elettrodomestici\/horno-microondas-professional\/"},"modified":"2024-11-21T10:42:08","modified_gmt":"2024-11-21T09:42:08","slug":"horno-microondas-professional","status":"publish","type":"macchine","link":"https:\/\/officinegullo.com\/es\/maquinas-y-electrodomesticos-de-cocina\/electrodomesticos\/horno-microondas-professional\/","title":{"rendered":"Horno combinado con microondas, Serie Professional, 60 cm"},"content":{"rendered":"","protected":false},"excerpt":{"rendered":"","protected":false},"featured_media":51968,"template":"","meta":{"_acf_changed":false,"footnotes":""},"class_list":["post-15355","macchine","type-macchine","status-publish","has-post-thumbnail","hentry","cat_macchine-electrodomesticos","attr_macchine-hornos-microondas"],"acf":{"hreflang":"<link rel=\"alternate\" hreflang=\"ru\" href=\"https:\/\/ru.officinegullo.com\/ranges-and-appliances\/appliances\/combi-microwave-oven\/\">\r\n<link rel=\"alternate\" hreflang=\"zh\" href=\"https:\/\/officinegullo.cn\/ranges-and-appliances\/appliances\/combi-microwave-oven\/\">","heading":{"tipo_header":"imgs","titolo":"Horno combinado con microondas, Serie Professional, 60 cm","codice":"1E005GG0014A+1CL05GG0014A","testo":"<strong>Medidas<\/strong>\r\n(AxLxP) 455x590x559 mm\r\n\r\n<strong>Acabados <\/strong>\r\nLat\u00f3n Bru\u00f1ido \/ Lat\u00f3n Brillante \/ N\u00edquel Satinado \/ Cromo Brillante \/ Cromo Satinado \/ Gunmetal \/ Cobre\r\n\r\n<strong>Materiales<\/strong>\r\nAcero pintado color personalizado\r\n<div id=\"gtx-trans\" style=\"position: absolute; left: 85px; top: 58.5521px;\">\r\n<div class=\"gtx-trans-icon\"><\/div>\r\n<\/div>","finiture":null,"immagine":15019,"galleria":[51968,51958,51963,51973,51978,51983,51988],"variazioni":null},"contenuto":"fisso","gruppo_fisso":{"":null,"tipo_media_descrizione":"img","testo_descrizione":"El horno empotrable combinado con microondas EFMG202 se caracteriza por su instalaci\u00f3n a ras de la pared y la c\u00f3moda apertura lateral de la puerta hasta 110\u00b0. Con una anchura de 60 cm se puede combinar con un horno multifunci\u00f3n o combinado de vapor, una m\u00e1quina cafetera para espresso completamente autom\u00e1tica o, para completar la configuraci\u00f3n, con un caj\u00f3n calientaplatos o de vac\u00edo. Los electrodom\u00e9sticos se pueden colocar uno al lado del otro en horizontal o en vertical y, para quien prefiera una distribuci\u00f3n m\u00e1s tradicional, el horno se puede colocar debajo de la encimera.\r\n\r\nPermite un funcionamiento individual o combinado de microondas, grill y horno. Dispone de 4 sistemas de calentamiento con control electr\u00f3nico de la temperatura: aire caliente a 40 \u00b0C y de 100 \u00b0C a 25\u00b0C; grill con aire caliente de 100 \u00b0C a 250 \u00b0C; grill ventilado de 100 \u00b0C a 250 \u00b0C y grill con 3 niveles de potencia hasta un m\u00e1ximo de 2.000 W. Funciones de calentamiento en combinaci\u00f3n con microondas de 600, 360, 180 y 90 W. La potencia del microondas puede regularse en 5 niveles: 1000, 600, 360, 180, 90 W. Dispone de 15 programas autom\u00e1ticos en funci\u00f3n del peso y personalizables: 4 programas de descongelaci\u00f3n, 4 programas de cocci\u00f3n y 7 programas combinados. Por \u00faltimo, tambi\u00e9n ofrece la funci\u00f3n para memorizar recetas personalizadas. Dispone de pantalla t\u00e1ctil TFT con selectores para un uso f\u00e1cil e intuitivo. Mec\u00e1nica Gaggenau.","immagine_descrizione":"","gallery_descrizione":null,"layout":"tab","colonna_1":"","colonna_2":"","colonna_3":"","colonna_4":"","dati_tecnici":[{"label":"Programas","testo":"Funcionamiento microondas con 5 niveles de potencia: 1000, 600, 360, 180 y 90 W.\r\nFuncionamiento horno con 4 metodos de calentamiento:\r\nAire caliente 40 \u00baC y de100 \u00baC a 250 \u00baC.\r\nGrill con aire caliente de 100 \u00baC a 250 \u00baC.\r\nGrill con aire forzado de 100 \u00baC a 250 \u00baC.\r\nGrill con tres niveles de intensidad. Potencia m\u00e1xima 2000 W.\r\nM\u00e9todos de calentamiento combinables con microondas a 600, 360, 180 y 90 W.\r\n15 programas autom\u00e1ticos:\r\n4 programas de descongelaci\u00f3n.\r\n4 programas de cocci\u00f3n.\r\n7 programas combinados.\r\nMemorias para recetas."},{"label":"Funcionamiento","testo":"Mandos giratorios y pantalla TFT t\u00e1ctil.\r\nFunci\u00f3n de informaci\u00f3n con indicaciones de uso.\r\nPuerta de apertura lateral 110\u00ba."},{"label":"Prestaciones","testo":"Tecnolog\u00eda Innowave.\r\nCalentamiento r\u00e1pido.\r\nGu\u00edas para 4 niveles de bandejas.\r\nIndicador de temperatura real de la cavidad.\r\nIluminaci\u00f3n lateral hal\u00f3gena: 60 W ."},{"label":"Seguridad","testo":"Puerta de vidrio triple termoaislada.\r\nTriple seguro de puerta\r\nSeguro para ni\u00f1os.\r\nDesconexi\u00f3n autom\u00e1tica de seguridad.\r\nRefrigeraci\u00f3n tangencial para protecci\u00f3n de altas tempaturas."},{"label":"Limpieza","testo":"Interior de acero inoxidable con base de cristal cer\u00e1mico.\r\nPared posterior con esmaltado catal\u00edtico."},{"label":"Precauciones de montaje","testo":"Puerta no reversible.\r\nEl mueble donde se entegra no debe tener trasera.\r\nPlanificar una distancia m\u00edn. 5 mm entre la puerta del horno y los muebles.\r\nEl plano frontal del horno sobresale 21 mm sobre el mueble donde se integra.\r\nProfundidad total desde el exterior del tirador respecto al mueble 72 mm.\r\nTener en cuenta la profundidad total de la puerta, incluyendo el tirador, al montar un m\u00f3dulo de cajones al lado del horno.\r\nEn caso de realizar un dise\u00f1o con el horno al lado de una pared, considerar los 110\u00ba de apertura lateral necesarios para la puerta.\r\nEl enchufe Shuko debe situarse en una zona exterior al hueco de encastre."},{"label":"Caracter\u00edsticas t\u00e9cnicas","testo":"Potencia absorbida: 3.1 kw.\r\nCable de conexi\u00f3n 1.5 m sin enchufe."}],"gallery":[13261,13271,13281,13376,13381,13446],"item":"999ELE","variants":"","forcedvariants":"FORNI=GAG.COMMIC.EFM452DX;_FINRAL=RO9010;_FIN=OBR;","model":"CM0","adds":""},"gruppo_tab":{"tabs":null},"accessori":{"visibile":"no","titolo":"","cta":"","accessories":null},"correlati":{"titolo":"","cta":null,"related":null}},"yoast_head":"<!-- This site is optimized with the Yoast SEO Premium plugin v27.4 (Yoast SEO v27.4) - https:\/\/yoast.com\/product\/yoast-seo-premium-wordpress\/ -->\n<title>Horno Microondas Combinado Profesional 60 cm | Officine Gullo<\/title>\n<meta name=\"description\" content=\"Horno empotrado vers\u00e1til con microondas, grill y funciones avanzadas. 60 cm de ancho, apertura lateral, pantalla t\u00e1ctil TFT y mec\u00e1nica Gaggenau.\" \/>\n<meta name=\"robots\" content=\"index, follow, max-snippet:-1, max-image-preview:large, max-video-preview:-1\" \/>\n<link rel=\"canonical\" href=\"https:\/\/officinegullo.com\/es\/maquinas-y-electrodomesticos-de-cocina\/electrodomesticos\/horno-microondas-professional\/\" \/>\n<meta property=\"og:locale\" content=\"es_ES\" \/>\n<meta property=\"og:type\" content=\"article\" \/>\n<meta property=\"og:title\" content=\"Horno Microondas Combinado Profesional 60 cm | Officine Gullo\" \/>\n<meta property=\"og:description\" content=\"Horno empotrado vers\u00e1til con microondas, grill y funciones avanzadas. 60 cm de ancho, apertura lateral, pantalla t\u00e1ctil TFT y mec\u00e1nica Gaggenau.\" \/>\n<meta property=\"og:url\" content=\"https:\/\/officinegullo.com\/es\/maquinas-y-electrodomesticos-de-cocina\/electrodomesticos\/horno-microondas-professional\/\" \/>\n<meta property=\"og:site_name\" content=\"Officine Gullo\" \/>\n<meta property=\"article:modified_time\" content=\"2024-11-21T09:42:08+00:00\" \/>\n<meta property=\"og:image\" content=\"https:\/\/s3.eu-central-1.amazonaws.com\/eu.officinegullo.com\/wp-content\/uploads\/2021\/10\/14101533\/EFMG202_OB.jpg\" \/>\n\t<meta property=\"og:image:width\" content=\"1500\" \/>\n\t<meta property=\"og:image:height\" content=\"1500\" \/>\n\t<meta property=\"og:image:type\" content=\"image\/jpeg\" \/>\n<meta name=\"twitter:card\" content=\"summary_large_image\" \/>\n<meta name=\"twitter:label1\" content=\"Tiempo de lectura\" \/>\n\t<meta name=\"twitter:data1\" content=\"7 minutos\" \/>\n<script type=\"application\/ld+json\" class=\"yoast-schema-graph\">{\"@context\":\"https:\\\/\\\/schema.org\",\"@graph\":[{\"@type\":\"WebPage\",\"@id\":\"https:\\\/\\\/officinegullo.com\\\/es\\\/maquinas-y-electrodomesticos-de-cocina\\\/electrodomesticos\\\/horno-microondas-professional\\\/\",\"url\":\"https:\\\/\\\/officinegullo.com\\\/es\\\/maquinas-y-electrodomesticos-de-cocina\\\/electrodomesticos\\\/horno-microondas-professional\\\/\",\"name\":\"Horno Microondas Combinado Profesional 60 cm | Officine Gullo\",\"isPartOf\":{\"@id\":\"https:\\\/\\\/officinegullo.com\\\/es\\\/#website\"},\"primaryImageOfPage\":{\"@id\":\"https:\\\/\\\/officinegullo.com\\\/es\\\/maquinas-y-electrodomesticos-de-cocina\\\/electrodomesticos\\\/horno-microondas-professional\\\/#primaryimage\"},\"image\":{\"@id\":\"https:\\\/\\\/officinegullo.com\\\/es\\\/maquinas-y-electrodomesticos-de-cocina\\\/electrodomesticos\\\/horno-microondas-professional\\\/#primaryimage\"},\"thumbnailUrl\":\"https:\\\/\\\/s3.eu-central-1.amazonaws.com\\\/eu.officinegullo.com\\\/wp-content\\\/uploads\\\/2021\\\/10\\\/14101533\\\/EFMG202_OB.jpg\",\"datePublished\":\"2021-10-20T12:29:53+00:00\",\"dateModified\":\"2024-11-21T09:42:08+00:00\",\"description\":\"Horno empotrado vers\u00e1til con microondas, grill y funciones avanzadas. 60 cm de ancho, apertura lateral, pantalla t\u00e1ctil TFT y mec\u00e1nica Gaggenau.\",\"breadcrumb\":{\"@id\":\"https:\\\/\\\/officinegullo.com\\\/es\\\/maquinas-y-electrodomesticos-de-cocina\\\/electrodomesticos\\\/horno-microondas-professional\\\/#breadcrumb\"},\"inLanguage\":\"es\",\"potentialAction\":[{\"@type\":\"ReadAction\",\"target\":[\"https:\\\/\\\/officinegullo.com\\\/es\\\/maquinas-y-electrodomesticos-de-cocina\\\/electrodomesticos\\\/horno-microondas-professional\\\/\"]}]},{\"@type\":\"ImageObject\",\"inLanguage\":\"es\",\"@id\":\"https:\\\/\\\/officinegullo.com\\\/es\\\/maquinas-y-electrodomesticos-de-cocina\\\/electrodomesticos\\\/horno-microondas-professional\\\/#primaryimage\",\"url\":\"https:\\\/\\\/s3.eu-central-1.amazonaws.com\\\/eu.officinegullo.com\\\/wp-content\\\/uploads\\\/2021\\\/10\\\/14101533\\\/EFMG202_OB.jpg\",\"contentUrl\":\"https:\\\/\\\/s3.eu-central-1.amazonaws.com\\\/eu.officinegullo.com\\\/wp-content\\\/uploads\\\/2021\\\/10\\\/14101533\\\/EFMG202_OB.jpg\",\"width\":1500,\"height\":1500},{\"@type\":\"BreadcrumbList\",\"@id\":\"https:\\\/\\\/officinegullo.com\\\/es\\\/maquinas-y-electrodomesticos-de-cocina\\\/electrodomesticos\\\/horno-microondas-professional\\\/#breadcrumb\",\"itemListElement\":[{\"@type\":\"ListItem\",\"position\":1,\"name\":\"Home\",\"item\":\"https:\\\/\\\/officinegullo.com\\\/es\\\/\"},{\"@type\":\"ListItem\",\"position\":2,\"name\":\"M\u00e1quinas y electrodom\u00e9sticos de cocina\",\"item\":\"https:\\\/\\\/officinegullo.com\\\/es\\\/maquinas-y-electrodomesticos-de-cocina\\\/\"},{\"@type\":\"ListItem\",\"position\":3,\"name\":\"Electrodom\u00e9sticos\",\"item\":\"https:\\\/\\\/officinegullo.com\\\/es\\\/maquinas-y-electrodomesticos-de-cocina\\\/electrodomesticos\\\/\"},{\"@type\":\"ListItem\",\"position\":4,\"name\":\"Horno combinado con microondas, Serie Professional, 60 cm\"}]},{\"@type\":\"WebSite\",\"@id\":\"https:\\\/\\\/officinegullo.com\\\/es\\\/#website\",\"url\":\"https:\\\/\\\/officinegullo.com\\\/es\\\/\",\"name\":\"Officine Gullo\",\"description\":\"The quintessential kitchen\",\"potentialAction\":[{\"@type\":\"SearchAction\",\"target\":{\"@type\":\"EntryPoint\",\"urlTemplate\":\"https:\\\/\\\/officinegullo.com\\\/es\\\/?s={search_term_string}\"},\"query-input\":{\"@type\":\"PropertyValueSpecification\",\"valueRequired\":true,\"valueName\":\"search_term_string\"}}],\"inLanguage\":\"es\"}]}<\/script>\n<!-- \/ Yoast SEO Premium plugin. -->","yoast_head_json":{"title":"Horno Microondas Combinado Profesional 60 cm | Officine Gullo","description":"Horno empotrado vers\u00e1til con microondas, grill y funciones avanzadas. 60 cm de ancho, apertura lateral, pantalla t\u00e1ctil TFT y mec\u00e1nica Gaggenau.","robots":{"index":"index","follow":"follow","max-snippet":"max-snippet:-1","max-image-preview":"max-image-preview:large","max-video-preview":"max-video-preview:-1"},"canonical":"https:\/\/officinegullo.com\/es\/maquinas-y-electrodomesticos-de-cocina\/electrodomesticos\/horno-microondas-professional\/","og_locale":"es_ES","og_type":"article","og_title":"Horno Microondas Combinado Profesional 60 cm | Officine Gullo","og_description":"Horno empotrado vers\u00e1til con microondas, grill y funciones avanzadas. 60 cm de ancho, apertura lateral, pantalla t\u00e1ctil TFT y mec\u00e1nica Gaggenau.","og_url":"https:\/\/officinegullo.com\/es\/maquinas-y-electrodomesticos-de-cocina\/electrodomesticos\/horno-microondas-professional\/","og_site_name":"Officine Gullo","article_modified_time":"2024-11-21T09:42:08+00:00","og_image":[{"width":1500,"height":1500,"url":"https:\/\/s3.eu-central-1.amazonaws.com\/eu.officinegullo.com\/wp-content\/uploads\/2021\/10\/14101533\/EFMG202_OB.jpg","type":"image\/jpeg"}],"twitter_card":"summary_large_image","twitter_misc":{"Tiempo de lectura":"7 minutos"},"schema":{"@context":"https:\/\/schema.org","@graph":[{"@type":"WebPage","@id":"https:\/\/officinegullo.com\/es\/maquinas-y-electrodomesticos-de-cocina\/electrodomesticos\/horno-microondas-professional\/","url":"https:\/\/officinegullo.com\/es\/maquinas-y-electrodomesticos-de-cocina\/electrodomesticos\/horno-microondas-professional\/","name":"Horno Microondas Combinado Profesional 60 cm | Officine Gullo","isPartOf":{"@id":"https:\/\/officinegullo.com\/es\/#website"},"primaryImageOfPage":{"@id":"https:\/\/officinegullo.com\/es\/maquinas-y-electrodomesticos-de-cocina\/electrodomesticos\/horno-microondas-professional\/#primaryimage"},"image":{"@id":"https:\/\/officinegullo.com\/es\/maquinas-y-electrodomesticos-de-cocina\/electrodomesticos\/horno-microondas-professional\/#primaryimage"},"thumbnailUrl":"https:\/\/s3.eu-central-1.amazonaws.com\/eu.officinegullo.com\/wp-content\/uploads\/2021\/10\/14101533\/EFMG202_OB.jpg","datePublished":"2021-10-20T12:29:53+00:00","dateModified":"2024-11-21T09:42:08+00:00","description":"Horno empotrado vers\u00e1til con microondas, grill y funciones avanzadas. 60 cm de ancho, apertura lateral, pantalla t\u00e1ctil TFT y mec\u00e1nica Gaggenau.","breadcrumb":{"@id":"https:\/\/officinegullo.com\/es\/maquinas-y-electrodomesticos-de-cocina\/electrodomesticos\/horno-microondas-professional\/#breadcrumb"},"inLanguage":"es","potentialAction":[{"@type":"ReadAction","target":["https:\/\/officinegullo.com\/es\/maquinas-y-electrodomesticos-de-cocina\/electrodomesticos\/horno-microondas-professional\/"]}]},{"@type":"ImageObject","inLanguage":"es","@id":"https:\/\/officinegullo.com\/es\/maquinas-y-electrodomesticos-de-cocina\/electrodomesticos\/horno-microondas-professional\/#primaryimage","url":"https:\/\/s3.eu-central-1.amazonaws.com\/eu.officinegullo.com\/wp-content\/uploads\/2021\/10\/14101533\/EFMG202_OB.jpg","contentUrl":"https:\/\/s3.eu-central-1.amazonaws.com\/eu.officinegullo.com\/wp-content\/uploads\/2021\/10\/14101533\/EFMG202_OB.jpg","width":1500,"height":1500},{"@type":"BreadcrumbList","@id":"https:\/\/officinegullo.com\/es\/maquinas-y-electrodomesticos-de-cocina\/electrodomesticos\/horno-microondas-professional\/#breadcrumb","itemListElement":[{"@type":"ListItem","position":1,"name":"Home","item":"https:\/\/officinegullo.com\/es\/"},{"@type":"ListItem","position":2,"name":"M\u00e1quinas y electrodom\u00e9sticos de cocina","item":"https:\/\/officinegullo.com\/es\/maquinas-y-electrodomesticos-de-cocina\/"},{"@type":"ListItem","position":3,"name":"Electrodom\u00e9sticos","item":"https:\/\/officinegullo.com\/es\/maquinas-y-electrodomesticos-de-cocina\/electrodomesticos\/"},{"@type":"ListItem","position":4,"name":"Horno combinado con microondas, Serie Professional, 60 cm"}]},{"@type":"WebSite","@id":"https:\/\/officinegullo.com\/es\/#website","url":"https:\/\/officinegullo.com\/es\/","name":"Officine Gullo","description":"The quintessential kitchen","potentialAction":[{"@type":"SearchAction","target":{"@type":"EntryPoint","urlTemplate":"https:\/\/officinegullo.com\/es\/?s={search_term_string}"},"query-input":{"@type":"PropertyValueSpecification","valueRequired":true,"valueName":"search_term_string"}}],"inLanguage":"es"}]}},"_links":{"self":[{"href":"https:\/\/officinegullo.com\/es\/wp-json\/wp\/v2\/macchine\/15355","targetHints":{"allow":["GET"]}}],"collection":[{"href":"https:\/\/officinegullo.com\/es\/wp-json\/wp\/v2\/macchine"}],"about":[{"href":"https:\/\/officinegullo.com\/es\/wp-json\/wp\/v2\/types\/macchine"}],"version-history":[{"count":2,"href":"https:\/\/officinegullo.com\/es\/wp-json\/wp\/v2\/macchine\/15355\/revisions"}],"predecessor-version":[{"id":117469,"href":"https:\/\/officinegullo.com\/es\/wp-json\/wp\/v2\/macchine\/15355\/revisions\/117469"}],"wp:featuredmedia":[{"embeddable":true,"href":"https:\/\/officinegullo.com\/es\/wp-json\/wp\/v2\/media\/51968"}],"wp:attachment":[{"href":"https:\/\/officinegullo.com\/es\/wp-json\/wp\/v2\/media?parent=15355"}],"curies":[{"name":"wp","href":"https:\/\/api.w.org\/{rel}","templated":true}]}}