{"id":58195,"date":"2023-10-03T16:57:21","date_gmt":"2023-10-03T14:57:21","guid":{"rendered":"https:\/\/officinegullo.com\/?post_type=macchine&#038;p=58195"},"modified":"2023-11-30T14:26:52","modified_gmt":"2023-11-30T13:26:52","slug":"isola-248","status":"publish","type":"macchine","link":"https:\/\/officinegullo.com\/de\/kochmaschinen-und-gerate\/isola\/isola248\/","title":{"rendered":"ISOLA 248"},"content":{"rendered":"","protected":false},"excerpt":{"rendered":"","protected":false},"featured_media":58133,"template":"","meta":{"_acf_changed":false,"footnotes":""},"class_list":["post-58195","macchine","type-macchine","status-publish","has-post-thumbnail","hentry","cat_macchine-isola"],"acf":{"hreflang":"<link rel=\"alternate\" hreflang=\"en-us\" href=\"https:\/\/us.officinegullo.com\/ranges-and-appliances\/isola\/isola248\">\n<link rel=\"alternate\" hreflang=\"fr-ca\" href=\"https:\/\/us.officinegullo.com\/fr-ca\/machines-et-appareils-de-cuisson\/isola\/isola248\">","heading":{"tipo_header":"img","titolo":"ISOLA 248","codice":"ISOLA 248","testo":"<h3>Hochwertige Ergebnisse f\u00fcr Gastfreundschaftsbegeisterte<\/h3>\r\nISOLA 248 bietet ein hohes Ma\u00df an Technologie und Funktionalit\u00e4t, was es zu einer \u00e4u\u00dferst vielseitigen Kochinsel mit reichlich Arbeitsfl\u00e4che und verschiedenen Kochm\u00f6glichkeiten macht. Mit einer Breite von fast 2,5 Metern erm\u00f6glicht ISOLA 248 die Zubereitung von Mahlzeiten sogar f\u00fcr gro\u00dfe Gruppen von G\u00e4sten. Die M\u00f6glichkeit, bis zu 4 \u00d6fen zu installieren, erm\u00f6glicht mehrere gleichzeitige Zubereitungen, w\u00e4hrend die Arbeitsfl\u00e4che mit allen wichtigen Kochwerkzeugen ausgestattet werden kann, einschlie\u00dflich Brennern, coup de feu, Frytop, Nudelkocher und Fritteuse, oder leer gelassen werden kann, um Lebensmittel zuzubereiten.","finiture":[{"dettagli_finitura":[4248,4258,4253]},{"dettagli_finitura":[4268,4263,4273]},{"dettagli_finitura":[4283,4278,4288]},{"dettagli_finitura":[4298,4293,4303]},{"dettagli_finitura":[4308,4318,4313]},{"dettagli_finitura":[4333,4323,4328]}],"immagine":58133,"galleria":null,"variazioni":[{"manopola":"Manopola 1","finitura":"Finitura 1","immagine":924,"codice":""},{"manopola":"Manopola 1","finitura":"Finitura 2","immagine":919,"codice":""},{"manopola":"Manopola 2","finitura":"Finitura 1","immagine":914,"codice":""},{"manopola":"Manopola 2","finitura":"Finitura 2","immagine":899,"codice":""},{"manopola":"Manopola 3","finitura":"Finitura 1","immagine":904,"codice":""},{"manopola":"Manopola 3","finitura":"Finitura 2","immagine":909,"codice":""}]},"contenuto":"mod","gruppo_fisso":{"":null,"tipo_media_descrizione":"img","testo_descrizione":"<h3>Titolo provvisorio<\/h3>\r\nLorem ipsum dolor sit amet, consectetur adipiscing elit, sed do eiusmod tempor incididunt ut labore et dolore magna aliqua. Ut enim ad minim veniam, quis nostrud exercitation ullamco laboris nisi ut aliquip ex ea commodo consequat. Duis aute irure dolor in reprehenderit in voluptate velit esse cillum dolore eu fugiat nulla pariatur. Excepteur sint occaecat cupidatat non proident, sunt in culpa qui officia deserunt mollit anim id est laborum.","immagine_descrizione":2047,"gallery_descrizione":null,"layout":false,"colonna_1":"<h3>Titolo provvisorio<\/h3>\r\nLorem ipsum dolor sit amet, consectetur adipiscing elit, sed do eiusmod tempor incididunt ut labore et dolore magna aliqua. Ut enim ad minim veniam, quis nostrud exercitation ullamco laboris nisi ut aliquip ex ea commodo consequat. Duis aute irure dolor in reprehenderit in voluptate velit esse cillum dolore eu fugiat nulla pariatur. Excepteur sint occaecat cupidatat non proident, sunt in culpa qui officia deserunt mollit anim id est laborum.\r\n\r\nDuis aute irure dolor in reprehenderit in voluptate velit esse cillum dolore eu fugiat nulla pariatur. Excepteur sint occaecat cupidatat non proident, sunt in culpa qui officia deserunt mollit anim id est laborum.","colonna_2":"<h3>Titolo provvisorio<\/h3>\r\nDuis aute irure dolor in reprehenderit in voluptate velit esse cillum dolore eu fugiat nulla pariatur. Excepteur sint occaecat cupidatat non proident, sunt in culpa qui officia deserunt mollit anim id est laborum.\r\n<h3>Titolo provvisorio<\/h3>\r\nDuis aute irure dolor in reprehenderit in voluptate velit esse cillum dolore eu fugiat nulla pariatur. Excepteur sint occaecat cupidatat non proident, sunt in culpa qui officia deserunt mollit anim id est laborum.","colonna_3":"Lorem ipsum dolor sit amet, consectetur adipiscing elit, sed do eiusmod tempor incididunt ut labore et dolore magna aliqua. Ut enim ad minim veniam, quis nostrud exercitation ullamco laboris nisi ut aliquip ex ea commodo consequat. Duis aute irure dolor in reprehenderit in voluptate velit esse cillum dolore eu fugiat nulla pariatur. Excepteur sint occaecat cupidatat non proident, sunt in culpa qui officia deserunt mollit anim id est laborum.","colonna_4":"<h3>Titolo provvisorio<\/h3>\r\nLorem ipsum dolor sit amet, consectetur adipiscing elit, sed do eiusmod tempor incididunt ut labore et dolore magna aliqua. Ut enim ad minim veniam, quis nostrud exercitation ullamco laboris nisi ut aliquip ex ea commodo consequat. Duis aute irure dolor in reprehenderit in voluptate velit esse cillum dolore eu fugiat nulla pariatur. Excepteur sint occaecat cupidatat non proident, sunt in culpa qui officia deserunt mollit anim id est laborum.","dati_tecnici":null,"gallery":[2057,2052,2047,2042,2037,2032,2027,2022,2017,2012],"item":"OGFIO048","variants":"","forcedvariants":" _TPALIMENTA=DFUL;_MODPORTA=SLD;_FIN=CDF;_FINRAL=RO1013;","model":"XM0","adds":""},"gruppo_tab":{"tabs":[{"label":"Anpassung","page_builder":[{"acf_fc_layout":"mod_media","titolo":"Passen Sie Ihren ISOLA an","cta":{"title":"Entdecken Sie die verf\u00fcgbaren Module","url":"\/de\/kochmaschinen-und-gerate\/og-professional-module\/","target":""},"orientamento":"sx","testo":"Die Komposition des Herds kann nach den W\u00fcnschen und Kochgewohnheiten des Besitzers angepasst werden. In der Tat ist es m\u00f6glich, sowohl das Kochfeld als auch den Bereich darunter mit verschiedenen Elementen zu gestalten.","tipo_media":"imgs","immagine":null,"galleria":[2187,2182,2177,2172,2167,2162,2157],"video_id":""}]},{"label":"Farben und Finishis","page_builder":[{"acf_fc_layout":"mod_finituresingle","tipo_finiture":"col1","gruppo_finiture":{"titolo":"","finiture":null},"tipo_colori":"col1","gruppo_colori":{"titolo":"","colori":null,"testo":""},"tipo_personalizzazioni":"col1","gruppo_personalizzazioni":{"titolo":"","titolo_c_st":"","titolo_c_sp":"","lista_codici_colore":"","lista nomi colori":"","lista_codici_colore_s":"","lista nomi colori_s":"","personalizzazioni":null}}]}]},"accessori":{"visibile":"no","titolo":"Completa la tua cucina","cta":null,"accessories":[{"post":null,"titolo":"Cappe","cta_link":"","cta":"Scopri di pi\u00f9","immagine":1374,"testo":"Nate dall\u2019esigenza di avere un\u2019aspirazione perfetta per le potenti macchina di cottura, le cappe Officine Gullo non sono dei semplici motori aspiranti, bens\u00ec strutture auto portanti costruite artigianalmente, capaci di garantire un\u2019estrazione veloce e potente di odori e vapori."},{"post":null,"titolo":"Refrigerazione","cta_link":"","cta":"Scopri di pi\u00f9","immagine":1369,"testo":"Officine Gullo ha selezionato una gamma di frigoriferi, combinati frigo-congelatore e congelatori che si integra perfettamente all\u2019interno della collezione e riesce a offrire uno spazio interno maggiore rispetto agli apparecchi di raffreddamento standard."},{"post":null,"titolo":"Pannelli e mensole","cta_link":{"title":"Scopri di pi\u00f9","url":"\/accessori\/pannelli-e-mensole\/","target":""},"cta":"Scopri di pi\u00f9","immagine":1184,"testo":"Questi oggetti sono molto pi\u00f9 che semplici dettagli della cucina: curati in ogni singolo particolare, rendono la cucina fruibile e funzionale, oltre a regalare calore e atmosfera alla cucina."}]},"correlati":{"titolo":"","cta":null,"related":null}},"yoast_head":"<!-- This site is optimized with the Yoast SEO Premium plugin v27.4 (Yoast SEO v27.4) - https:\/\/yoast.com\/product\/yoast-seo-premium-wordpress\/ -->\n<title>K\u00fccheninsel Professionelle K\u00fcche 248 cm | Officine Gullo<\/title>\n<meta name=\"description\" content=\"Hohes technologisches und funktionales Niveau f\u00fcr eine \u00e4u\u00dferst vielseitige Kochinsel, die eine gro\u00dfe Fl\u00e4che und verschiedene Kochm\u00f6glichkeiten bietet.\" \/>\n<meta name=\"robots\" content=\"index, follow, max-snippet:-1, max-image-preview:large, max-video-preview:-1\" \/>\n<link rel=\"canonical\" href=\"https:\/\/officinegullo.com\/de\/kochmaschinen-und-gerate\/isola\/isola248\/\" \/>\n<meta property=\"og:locale\" content=\"de_DE\" \/>\n<meta property=\"og:type\" content=\"article\" \/>\n<meta property=\"og:title\" content=\"K\u00fccheninsel Professionelle K\u00fcche 248 cm | Officine Gullo\" \/>\n<meta property=\"og:description\" content=\"Hohes technologisches und funktionales Niveau f\u00fcr eine \u00e4u\u00dferst vielseitige Kochinsel, die eine gro\u00dfe Fl\u00e4che und verschiedene Kochm\u00f6glichkeiten bietet.\" \/>\n<meta property=\"og:url\" content=\"https:\/\/officinegullo.com\/de\/kochmaschinen-und-gerate\/isola\/isola248\/\" \/>\n<meta property=\"og:site_name\" content=\"Officine Gullo\" \/>\n<meta property=\"article:modified_time\" content=\"2023-11-30T13:26:52+00:00\" \/>\n<meta property=\"og:image\" content=\"https:\/\/s3.eu-central-1.amazonaws.com\/eu.officinegullo.com\/wp-content\/uploads\/2023\/10\/03111630\/ISL248.png\" \/>\n\t<meta property=\"og:image:width\" content=\"836\" \/>\n\t<meta property=\"og:image:height\" content=\"512\" \/>\n\t<meta property=\"og:image:type\" content=\"image\/png\" \/>\n<meta name=\"twitter:card\" content=\"summary_large_image\" \/>\n<script type=\"application\/ld+json\" class=\"yoast-schema-graph\">{\"@context\":\"https:\\\/\\\/schema.org\",\"@graph\":[{\"@type\":\"WebPage\",\"@id\":\"https:\\\/\\\/officinegullo.com\\\/de\\\/kochmaschinen-und-gerate\\\/isola\\\/isola248\\\/\",\"url\":\"https:\\\/\\\/officinegullo.com\\\/de\\\/kochmaschinen-und-gerate\\\/isola\\\/isola248\\\/\",\"name\":\"K\u00fccheninsel Professionelle K\u00fcche 248 cm | Officine Gullo\",\"isPartOf\":{\"@id\":\"https:\\\/\\\/officinegullo.com\\\/de\\\/#website\"},\"primaryImageOfPage\":{\"@id\":\"https:\\\/\\\/officinegullo.com\\\/de\\\/kochmaschinen-und-gerate\\\/isola\\\/isola248\\\/#primaryimage\"},\"image\":{\"@id\":\"https:\\\/\\\/officinegullo.com\\\/de\\\/kochmaschinen-und-gerate\\\/isola\\\/isola248\\\/#primaryimage\"},\"thumbnailUrl\":\"https:\\\/\\\/s3.eu-central-1.amazonaws.com\\\/eu.officinegullo.com\\\/wp-content\\\/uploads\\\/2023\\\/10\\\/03111630\\\/ISL248.png\",\"datePublished\":\"2023-10-03T14:57:21+00:00\",\"dateModified\":\"2023-11-30T13:26:52+00:00\",\"description\":\"Hohes technologisches und funktionales Niveau f\u00fcr eine \u00e4u\u00dferst vielseitige Kochinsel, die eine gro\u00dfe Fl\u00e4che und verschiedene Kochm\u00f6glichkeiten bietet.\",\"breadcrumb\":{\"@id\":\"https:\\\/\\\/officinegullo.com\\\/de\\\/kochmaschinen-und-gerate\\\/isola\\\/isola248\\\/#breadcrumb\"},\"inLanguage\":\"de\",\"potentialAction\":[{\"@type\":\"ReadAction\",\"target\":[\"https:\\\/\\\/officinegullo.com\\\/de\\\/kochmaschinen-und-gerate\\\/isola\\\/isola248\\\/\"]}]},{\"@type\":\"ImageObject\",\"inLanguage\":\"de\",\"@id\":\"https:\\\/\\\/officinegullo.com\\\/de\\\/kochmaschinen-und-gerate\\\/isola\\\/isola248\\\/#primaryimage\",\"url\":\"https:\\\/\\\/s3.eu-central-1.amazonaws.com\\\/eu.officinegullo.com\\\/wp-content\\\/uploads\\\/2023\\\/10\\\/03111630\\\/ISL248.png\",\"contentUrl\":\"https:\\\/\\\/s3.eu-central-1.amazonaws.com\\\/eu.officinegullo.com\\\/wp-content\\\/uploads\\\/2023\\\/10\\\/03111630\\\/ISL248.png\",\"width\":836,\"height\":512},{\"@type\":\"BreadcrumbList\",\"@id\":\"https:\\\/\\\/officinegullo.com\\\/de\\\/kochmaschinen-und-gerate\\\/isola\\\/isola248\\\/#breadcrumb\",\"itemListElement\":[{\"@type\":\"ListItem\",\"position\":1,\"name\":\"Home\",\"item\":\"https:\\\/\\\/officinegullo.com\\\/de\\\/\"},{\"@type\":\"ListItem\",\"position\":2,\"name\":\"Kochmaschinen und Ger\u00e4te\",\"item\":\"https:\\\/\\\/officinegullo.com\\\/de\\\/kochmaschinen-und-gerate\\\/\"},{\"@type\":\"ListItem\",\"position\":3,\"name\":\"Isola Kochherde\",\"item\":\"https:\\\/\\\/officinegullo.com\\\/de\\\/kochmaschinen-und-gerate\\\/isola\\\/\"},{\"@type\":\"ListItem\",\"position\":4,\"name\":\"ISOLA 248\"}]},{\"@type\":\"WebSite\",\"@id\":\"https:\\\/\\\/officinegullo.com\\\/de\\\/#website\",\"url\":\"https:\\\/\\\/officinegullo.com\\\/de\\\/\",\"name\":\"Officine Gullo\",\"description\":\"Un nuovo sito targato WordPress\",\"potentialAction\":[{\"@type\":\"SearchAction\",\"target\":{\"@type\":\"EntryPoint\",\"urlTemplate\":\"https:\\\/\\\/officinegullo.com\\\/de\\\/?s={search_term_string}\"},\"query-input\":{\"@type\":\"PropertyValueSpecification\",\"valueRequired\":true,\"valueName\":\"search_term_string\"}}],\"inLanguage\":\"de\"}]}<\/script>\n<!-- \/ Yoast SEO Premium plugin. -->","yoast_head_json":{"title":"K\u00fccheninsel Professionelle K\u00fcche 248 cm | Officine Gullo","description":"Hohes technologisches und funktionales Niveau f\u00fcr eine \u00e4u\u00dferst vielseitige Kochinsel, die eine gro\u00dfe Fl\u00e4che und verschiedene Kochm\u00f6glichkeiten bietet.","robots":{"index":"index","follow":"follow","max-snippet":"max-snippet:-1","max-image-preview":"max-image-preview:large","max-video-preview":"max-video-preview:-1"},"canonical":"https:\/\/officinegullo.com\/de\/kochmaschinen-und-gerate\/isola\/isola248\/","og_locale":"de_DE","og_type":"article","og_title":"K\u00fccheninsel Professionelle K\u00fcche 248 cm | Officine Gullo","og_description":"Hohes technologisches und funktionales Niveau f\u00fcr eine \u00e4u\u00dferst vielseitige Kochinsel, die eine gro\u00dfe Fl\u00e4che und verschiedene Kochm\u00f6glichkeiten bietet.","og_url":"https:\/\/officinegullo.com\/de\/kochmaschinen-und-gerate\/isola\/isola248\/","og_site_name":"Officine Gullo","article_modified_time":"2023-11-30T13:26:52+00:00","og_image":[{"width":836,"height":512,"url":"https:\/\/s3.eu-central-1.amazonaws.com\/eu.officinegullo.com\/wp-content\/uploads\/2023\/10\/03111630\/ISL248.png","type":"image\/png"}],"twitter_card":"summary_large_image","schema":{"@context":"https:\/\/schema.org","@graph":[{"@type":"WebPage","@id":"https:\/\/officinegullo.com\/de\/kochmaschinen-und-gerate\/isola\/isola248\/","url":"https:\/\/officinegullo.com\/de\/kochmaschinen-und-gerate\/isola\/isola248\/","name":"K\u00fccheninsel Professionelle K\u00fcche 248 cm | Officine Gullo","isPartOf":{"@id":"https:\/\/officinegullo.com\/de\/#website"},"primaryImageOfPage":{"@id":"https:\/\/officinegullo.com\/de\/kochmaschinen-und-gerate\/isola\/isola248\/#primaryimage"},"image":{"@id":"https:\/\/officinegullo.com\/de\/kochmaschinen-und-gerate\/isola\/isola248\/#primaryimage"},"thumbnailUrl":"https:\/\/s3.eu-central-1.amazonaws.com\/eu.officinegullo.com\/wp-content\/uploads\/2023\/10\/03111630\/ISL248.png","datePublished":"2023-10-03T14:57:21+00:00","dateModified":"2023-11-30T13:26:52+00:00","description":"Hohes technologisches und funktionales Niveau f\u00fcr eine \u00e4u\u00dferst vielseitige Kochinsel, die eine gro\u00dfe Fl\u00e4che und verschiedene Kochm\u00f6glichkeiten bietet.","breadcrumb":{"@id":"https:\/\/officinegullo.com\/de\/kochmaschinen-und-gerate\/isola\/isola248\/#breadcrumb"},"inLanguage":"de","potentialAction":[{"@type":"ReadAction","target":["https:\/\/officinegullo.com\/de\/kochmaschinen-und-gerate\/isola\/isola248\/"]}]},{"@type":"ImageObject","inLanguage":"de","@id":"https:\/\/officinegullo.com\/de\/kochmaschinen-und-gerate\/isola\/isola248\/#primaryimage","url":"https:\/\/s3.eu-central-1.amazonaws.com\/eu.officinegullo.com\/wp-content\/uploads\/2023\/10\/03111630\/ISL248.png","contentUrl":"https:\/\/s3.eu-central-1.amazonaws.com\/eu.officinegullo.com\/wp-content\/uploads\/2023\/10\/03111630\/ISL248.png","width":836,"height":512},{"@type":"BreadcrumbList","@id":"https:\/\/officinegullo.com\/de\/kochmaschinen-und-gerate\/isola\/isola248\/#breadcrumb","itemListElement":[{"@type":"ListItem","position":1,"name":"Home","item":"https:\/\/officinegullo.com\/de\/"},{"@type":"ListItem","position":2,"name":"Kochmaschinen und Ger\u00e4te","item":"https:\/\/officinegullo.com\/de\/kochmaschinen-und-gerate\/"},{"@type":"ListItem","position":3,"name":"Isola Kochherde","item":"https:\/\/officinegullo.com\/de\/kochmaschinen-und-gerate\/isola\/"},{"@type":"ListItem","position":4,"name":"ISOLA 248"}]},{"@type":"WebSite","@id":"https:\/\/officinegullo.com\/de\/#website","url":"https:\/\/officinegullo.com\/de\/","name":"Officine Gullo","description":"Un nuovo sito targato WordPress","potentialAction":[{"@type":"SearchAction","target":{"@type":"EntryPoint","urlTemplate":"https:\/\/officinegullo.com\/de\/?s={search_term_string}"},"query-input":{"@type":"PropertyValueSpecification","valueRequired":true,"valueName":"search_term_string"}}],"inLanguage":"de"}]}},"_links":{"self":[{"href":"https:\/\/officinegullo.com\/de\/wp-json\/wp\/v2\/macchine\/58195","targetHints":{"allow":["GET"]}}],"collection":[{"href":"https:\/\/officinegullo.com\/de\/wp-json\/wp\/v2\/macchine"}],"about":[{"href":"https:\/\/officinegullo.com\/de\/wp-json\/wp\/v2\/types\/macchine"}],"version-history":[{"count":2,"href":"https:\/\/officinegullo.com\/de\/wp-json\/wp\/v2\/macchine\/58195\/revisions"}],"predecessor-version":[{"id":58243,"href":"https:\/\/officinegullo.com\/de\/wp-json\/wp\/v2\/macchine\/58195\/revisions\/58243"}],"wp:featuredmedia":[{"embeddable":true,"href":"https:\/\/officinegullo.com\/de\/wp-json\/wp\/v2\/media\/58133"}],"wp:attachment":[{"href":"https:\/\/officinegullo.com\/de\/wp-json\/wp\/v2\/media?parent=58195"}],"curies":[{"name":"wp","href":"https:\/\/api.w.org\/{rel}","templated":true}]}}