{"id":15323,"date":"2021-10-20T14:20:46","date_gmt":"2021-10-20T12:20:46","guid":{"rendered":"https:\/\/officinegullo.com\/macchine-cottura-ed-elettrodomestici\/waermeschublade-professional\/"},"modified":"2023-12-05T09:18:43","modified_gmt":"2023-12-05T08:18:43","slug":"waermeschublade-professional","status":"publish","type":"macchine","link":"https:\/\/officinegullo.com\/de\/kochmaschinen-und-gerate\/haushaltsgerate\/waermeschublade-professional\/","title":{"rendered":"W\u00e4rmeschublade, 60 cm, Serie Professional"},"content":{"rendered":"","protected":false},"excerpt":{"rendered":"","protected":false},"featured_media":52218,"template":"","meta":{"_acf_changed":false,"footnotes":""},"class_list":["post-15323","macchine","type-macchine","status-publish","has-post-thumbnail","hentry","cat_macchine-haushaltsgerate","attr_macchine-warmeschublade"],"acf":{"hreflang":"<link rel=\"alternate\" hreflang=\"ru\" href=\"https:\/\/ru.officinegullo.com\/ranges-and-appliances\/appliances\/warming-drawers\/\">\n<link rel=\"alternate\" hreflang=\"zh\" href=\"https:\/\/officinegullo.cn\/ranges-and-appliances\/appliances\/warming-drawers\/\">","heading":{"tipo_header":"imgs","titolo":"W\u00e4rmeschublade, 60 cm, Serie Professional","codice":"1E009GG0004A+1CL09GG0004A","testo":"<strong>Ma\u00dfe<\/strong>\r\nL x H x T (cm): 59 x 28,8 x 54,8\r\n\r\n<strong>Finishs<\/strong>\r\nBr\u00fcniertes Messing \/ Poliertes Messing \/ Satiniertes Nickel \/ Poliertes Chrom \/ Satiniertes Chrom \/ Gunmetal \/ Kupfer\r\n\r\n<strong>Material<\/strong>\r\nIn benutzerdefinierter Farbe lackierter Stahl","finiture":null,"immagine":14957,"galleria":[52218,52208,52213,52223,52228,52233,52238],"variazioni":null},"contenuto":"fisso","gruppo_fisso":{"":null,"tipo_media_descrizione":"img","testo_descrizione":"Die W\u00e4rmeschublade ist ein multifunktionales Ger\u00e4t und kann dank einer einstellbaren Temperatur zwischen 40 und 80 \u00b0C f\u00fcr verschiedene Funktionen eingesetzt werden: Vorw\u00e4rmen von Gerichten; Halten von Speisen auf der richtigen Temperatur, bis es Zeit ist, sie auf den Tisch zu bringen; perfektes Aufgehen von Teig oder sogar schonendes Garen bei niedrigen Temperaturen. Im letzteren Fall bleibt das Fleisch zart, schmackhaft und saftig und beh\u00e4lt seine ern\u00e4hrungsphysiologischen Eigenschaften.\r\n\r\nDer Einbau-Speisew\u00e4rmer bietet ein griffloses \"Push-to-open\"-\u00d6ffnungssystem und zeichnet sich durch einen wandb\u00fcndigen Einbau aus und kann mit einer Breite von 60 cm mit einem Multifunktionsofen, Kombi-Dampfofen oder einer Kombi-Mikrowelle, einem Kaffeevollautomaten oder zur Komplettierung der Konfiguration mit einer Vakuumierschublade kombiniert werden. Die Ger\u00e4te k\u00f6nnen horizontal oder vertikal nebeneinander angeordnet werden.\r\n\r\nDer Innenraum ist aus Stahl mit einem Glasboden gefertigt. Mechanik von Gaggenau.","immagine_descrizione":"","gallery_descrizione":null,"layout":"tab","colonna_1":"","colonna_2":"","colonna_3":"","colonna_4":"","dati_tecnici":[{"label":"Heizmethoden","testo":"Antauen von Speisen\/Gehenlassen von Hefeteig.\r\nVorw\u00e4rmen von kleinen Trinkgef\u00e4\u00dfen.\r\nWarmhalten\/Sanftgaren von Speisen.\r\nVorw\u00e4rmen von Geschirr."},{"label":"Bedienung","testo":"Bedienung durch Drehknebel."},{"label":"Ausstattung","testo":"Nutzvolumen 52 Liter.\r\nFassungsverm\u00f6gen: Men\u00fcgeschirr f\u00fcr 12 Personen mit Tellern \u00f8 24 cm und Suppentassen, zus\u00e4tzlich Sch\u00fcsseln und eine Platte je nach Geschirrform.\r\nBeladung max. 25 kg.\r\nNutzbare Innenabmessungen\r\nB 468 x H 242 x T 458 mm.\r\nHeizung unter Glasboden zur einfachen Reinigung.\r\nGebl\u00e4se f\u00fcr gleichm\u00e4\u00dfige W\u00e4rmeverteilung zur schnellen Erw\u00e4rmung von Geschirr.\r\nStatusanzeige, sichtbar in der Glasfront.\r\nGlasboden aus Sicherheitsglas."},{"label":"Planungshinweise","testo":"Seitliches Spaltmass zwischen Ger\u00e4tefront und M\u00f6belfront min. 5 mm.\r\nAbstand M\u00f6belkorpus bis T\u00fcrfrontfl\u00e4che 21 mm.\r\nElektrischer Anschluss hinter dem Ger\u00e4t m\u00f6glich."},{"label":"Anschlussdaten","testo":"Gesamtanschlusswert 0.81 kW.\r\nAnschlusskabel 1.5 m, steckbar."}],"gallery":[13314],"item":"999ELE","variants":"","forcedvariants":"FORNI=GAG.WARDRW.ESV452;_FINRAL=RO9016;_FIN=OBR;","model":"CM0","adds":""},"gruppo_tab":{"tabs":null},"accessori":{"visibile":"no","titolo":"","cta":"","accessories":null},"correlati":{"titolo":"","cta":null,"related":null}},"yoast_head":"<!-- This site is optimized with the Yoast SEO Premium plugin v27.4 (Yoast SEO v27.4) - https:\/\/yoast.com\/product\/yoast-seo-premium-wordpress\/ -->\n<title>Eingebaute W\u00e4rmeschublade | Officine Gullo<\/title>\n<meta name=\"description\" content=\"Entdecken Sie den Officine Gullo Einbau-W\u00e4rmeschrank: Push-to-open, b\u00fcndiger Einbau, elegantes Design. Konfigurieren Sie Ihren K\u00fcchenraum.\" \/>\n<meta name=\"robots\" content=\"index, follow, max-snippet:-1, max-image-preview:large, max-video-preview:-1\" \/>\n<link rel=\"canonical\" href=\"https:\/\/officinegullo.com\/de\/kochmaschinen-und-gerate\/haushaltsgerate\/waermeschublade-professional\/\" \/>\n<meta property=\"og:locale\" content=\"de_DE\" \/>\n<meta property=\"og:type\" content=\"article\" \/>\n<meta property=\"og:title\" content=\"Eingebaute W\u00e4rmeschublade | Officine Gullo\" \/>\n<meta property=\"og:description\" content=\"Entdecken Sie den Officine Gullo Einbau-W\u00e4rmeschrank: Push-to-open, b\u00fcndiger Einbau, elegantes Design. Konfigurieren Sie Ihren K\u00fcchenraum.\" \/>\n<meta property=\"og:url\" content=\"https:\/\/officinegullo.com\/de\/kochmaschinen-und-gerate\/haushaltsgerate\/waermeschublade-professional\/\" \/>\n<meta property=\"og:site_name\" content=\"Officine Gullo\" \/>\n<meta property=\"article:modified_time\" content=\"2023-12-05T08:18:43+00:00\" \/>\n<meta property=\"og:image\" content=\"https:\/\/s3.eu-central-1.amazonaws.com\/eu.officinegullo.com\/wp-content\/uploads\/2021\/10\/14103440\/ESVG202-ECSIR02_OB-1.jpg\" \/>\n\t<meta property=\"og:image:width\" content=\"1500\" \/>\n\t<meta property=\"og:image:height\" content=\"1500\" \/>\n\t<meta property=\"og:image:type\" content=\"image\/jpeg\" \/>\n<meta name=\"twitter:card\" content=\"summary_large_image\" \/>\n<script type=\"application\/ld+json\" class=\"yoast-schema-graph\">{\"@context\":\"https:\\\/\\\/schema.org\",\"@graph\":[{\"@type\":\"WebPage\",\"@id\":\"https:\\\/\\\/officinegullo.com\\\/de\\\/kochmaschinen-und-gerate\\\/haushaltsgerate\\\/waermeschublade-professional\\\/\",\"url\":\"https:\\\/\\\/officinegullo.com\\\/de\\\/kochmaschinen-und-gerate\\\/haushaltsgerate\\\/waermeschublade-professional\\\/\",\"name\":\"Eingebaute W\u00e4rmeschublade | Officine Gullo\",\"isPartOf\":{\"@id\":\"https:\\\/\\\/officinegullo.com\\\/de\\\/#website\"},\"primaryImageOfPage\":{\"@id\":\"https:\\\/\\\/officinegullo.com\\\/de\\\/kochmaschinen-und-gerate\\\/haushaltsgerate\\\/waermeschublade-professional\\\/#primaryimage\"},\"image\":{\"@id\":\"https:\\\/\\\/officinegullo.com\\\/de\\\/kochmaschinen-und-gerate\\\/haushaltsgerate\\\/waermeschublade-professional\\\/#primaryimage\"},\"thumbnailUrl\":\"https:\\\/\\\/s3.eu-central-1.amazonaws.com\\\/eu.officinegullo.com\\\/wp-content\\\/uploads\\\/2021\\\/10\\\/14103440\\\/ESVG202-ECSIR02_OB-1.jpg\",\"datePublished\":\"2021-10-20T12:20:46+00:00\",\"dateModified\":\"2023-12-05T08:18:43+00:00\",\"description\":\"Entdecken Sie den Officine Gullo Einbau-W\u00e4rmeschrank: Push-to-open, b\u00fcndiger Einbau, elegantes Design. Konfigurieren Sie Ihren K\u00fcchenraum.\",\"breadcrumb\":{\"@id\":\"https:\\\/\\\/officinegullo.com\\\/de\\\/kochmaschinen-und-gerate\\\/haushaltsgerate\\\/waermeschublade-professional\\\/#breadcrumb\"},\"inLanguage\":\"de\",\"potentialAction\":[{\"@type\":\"ReadAction\",\"target\":[\"https:\\\/\\\/officinegullo.com\\\/de\\\/kochmaschinen-und-gerate\\\/haushaltsgerate\\\/waermeschublade-professional\\\/\"]}]},{\"@type\":\"ImageObject\",\"inLanguage\":\"de\",\"@id\":\"https:\\\/\\\/officinegullo.com\\\/de\\\/kochmaschinen-und-gerate\\\/haushaltsgerate\\\/waermeschublade-professional\\\/#primaryimage\",\"url\":\"https:\\\/\\\/s3.eu-central-1.amazonaws.com\\\/eu.officinegullo.com\\\/wp-content\\\/uploads\\\/2021\\\/10\\\/14103440\\\/ESVG202-ECSIR02_OB-1.jpg\",\"contentUrl\":\"https:\\\/\\\/s3.eu-central-1.amazonaws.com\\\/eu.officinegullo.com\\\/wp-content\\\/uploads\\\/2021\\\/10\\\/14103440\\\/ESVG202-ECSIR02_OB-1.jpg\",\"width\":1500,\"height\":1500},{\"@type\":\"BreadcrumbList\",\"@id\":\"https:\\\/\\\/officinegullo.com\\\/de\\\/kochmaschinen-und-gerate\\\/haushaltsgerate\\\/waermeschublade-professional\\\/#breadcrumb\",\"itemListElement\":[{\"@type\":\"ListItem\",\"position\":1,\"name\":\"Home\",\"item\":\"https:\\\/\\\/officinegullo.com\\\/de\\\/\"},{\"@type\":\"ListItem\",\"position\":2,\"name\":\"Kochmaschinen und Ger\u00e4te\",\"item\":\"https:\\\/\\\/officinegullo.com\\\/de\\\/kochmaschinen-und-gerate\\\/\"},{\"@type\":\"ListItem\",\"position\":3,\"name\":\"Haushaltsger\u00e4te\",\"item\":\"https:\\\/\\\/officinegullo.com\\\/de\\\/kochmaschinen-und-gerate\\\/haushaltsgerate\\\/\"},{\"@type\":\"ListItem\",\"position\":4,\"name\":\"W\u00e4rmeschublade, 60 cm, Serie Professional\"}]},{\"@type\":\"WebSite\",\"@id\":\"https:\\\/\\\/officinegullo.com\\\/de\\\/#website\",\"url\":\"https:\\\/\\\/officinegullo.com\\\/de\\\/\",\"name\":\"Officine Gullo\",\"description\":\"Un nuovo sito targato WordPress\",\"potentialAction\":[{\"@type\":\"SearchAction\",\"target\":{\"@type\":\"EntryPoint\",\"urlTemplate\":\"https:\\\/\\\/officinegullo.com\\\/de\\\/?s={search_term_string}\"},\"query-input\":{\"@type\":\"PropertyValueSpecification\",\"valueRequired\":true,\"valueName\":\"search_term_string\"}}],\"inLanguage\":\"de\"}]}<\/script>\n<!-- \/ Yoast SEO Premium plugin. -->","yoast_head_json":{"title":"Eingebaute W\u00e4rmeschublade | Officine Gullo","description":"Entdecken Sie den Officine Gullo Einbau-W\u00e4rmeschrank: Push-to-open, b\u00fcndiger Einbau, elegantes Design. Konfigurieren Sie Ihren K\u00fcchenraum.","robots":{"index":"index","follow":"follow","max-snippet":"max-snippet:-1","max-image-preview":"max-image-preview:large","max-video-preview":"max-video-preview:-1"},"canonical":"https:\/\/officinegullo.com\/de\/kochmaschinen-und-gerate\/haushaltsgerate\/waermeschublade-professional\/","og_locale":"de_DE","og_type":"article","og_title":"Eingebaute W\u00e4rmeschublade | Officine Gullo","og_description":"Entdecken Sie den Officine Gullo Einbau-W\u00e4rmeschrank: Push-to-open, b\u00fcndiger Einbau, elegantes Design. Konfigurieren Sie Ihren K\u00fcchenraum.","og_url":"https:\/\/officinegullo.com\/de\/kochmaschinen-und-gerate\/haushaltsgerate\/waermeschublade-professional\/","og_site_name":"Officine Gullo","article_modified_time":"2023-12-05T08:18:43+00:00","og_image":[{"width":1500,"height":1500,"url":"https:\/\/s3.eu-central-1.amazonaws.com\/eu.officinegullo.com\/wp-content\/uploads\/2021\/10\/14103440\/ESVG202-ECSIR02_OB-1.jpg","type":"image\/jpeg"}],"twitter_card":"summary_large_image","schema":{"@context":"https:\/\/schema.org","@graph":[{"@type":"WebPage","@id":"https:\/\/officinegullo.com\/de\/kochmaschinen-und-gerate\/haushaltsgerate\/waermeschublade-professional\/","url":"https:\/\/officinegullo.com\/de\/kochmaschinen-und-gerate\/haushaltsgerate\/waermeschublade-professional\/","name":"Eingebaute W\u00e4rmeschublade | Officine Gullo","isPartOf":{"@id":"https:\/\/officinegullo.com\/de\/#website"},"primaryImageOfPage":{"@id":"https:\/\/officinegullo.com\/de\/kochmaschinen-und-gerate\/haushaltsgerate\/waermeschublade-professional\/#primaryimage"},"image":{"@id":"https:\/\/officinegullo.com\/de\/kochmaschinen-und-gerate\/haushaltsgerate\/waermeschublade-professional\/#primaryimage"},"thumbnailUrl":"https:\/\/s3.eu-central-1.amazonaws.com\/eu.officinegullo.com\/wp-content\/uploads\/2021\/10\/14103440\/ESVG202-ECSIR02_OB-1.jpg","datePublished":"2021-10-20T12:20:46+00:00","dateModified":"2023-12-05T08:18:43+00:00","description":"Entdecken Sie den Officine Gullo Einbau-W\u00e4rmeschrank: Push-to-open, b\u00fcndiger Einbau, elegantes Design. Konfigurieren Sie Ihren K\u00fcchenraum.","breadcrumb":{"@id":"https:\/\/officinegullo.com\/de\/kochmaschinen-und-gerate\/haushaltsgerate\/waermeschublade-professional\/#breadcrumb"},"inLanguage":"de","potentialAction":[{"@type":"ReadAction","target":["https:\/\/officinegullo.com\/de\/kochmaschinen-und-gerate\/haushaltsgerate\/waermeschublade-professional\/"]}]},{"@type":"ImageObject","inLanguage":"de","@id":"https:\/\/officinegullo.com\/de\/kochmaschinen-und-gerate\/haushaltsgerate\/waermeschublade-professional\/#primaryimage","url":"https:\/\/s3.eu-central-1.amazonaws.com\/eu.officinegullo.com\/wp-content\/uploads\/2021\/10\/14103440\/ESVG202-ECSIR02_OB-1.jpg","contentUrl":"https:\/\/s3.eu-central-1.amazonaws.com\/eu.officinegullo.com\/wp-content\/uploads\/2021\/10\/14103440\/ESVG202-ECSIR02_OB-1.jpg","width":1500,"height":1500},{"@type":"BreadcrumbList","@id":"https:\/\/officinegullo.com\/de\/kochmaschinen-und-gerate\/haushaltsgerate\/waermeschublade-professional\/#breadcrumb","itemListElement":[{"@type":"ListItem","position":1,"name":"Home","item":"https:\/\/officinegullo.com\/de\/"},{"@type":"ListItem","position":2,"name":"Kochmaschinen und Ger\u00e4te","item":"https:\/\/officinegullo.com\/de\/kochmaschinen-und-gerate\/"},{"@type":"ListItem","position":3,"name":"Haushaltsger\u00e4te","item":"https:\/\/officinegullo.com\/de\/kochmaschinen-und-gerate\/haushaltsgerate\/"},{"@type":"ListItem","position":4,"name":"W\u00e4rmeschublade, 60 cm, Serie Professional"}]},{"@type":"WebSite","@id":"https:\/\/officinegullo.com\/de\/#website","url":"https:\/\/officinegullo.com\/de\/","name":"Officine Gullo","description":"Un nuovo sito targato WordPress","potentialAction":[{"@type":"SearchAction","target":{"@type":"EntryPoint","urlTemplate":"https:\/\/officinegullo.com\/de\/?s={search_term_string}"},"query-input":{"@type":"PropertyValueSpecification","valueRequired":true,"valueName":"search_term_string"}}],"inLanguage":"de"}]}},"_links":{"self":[{"href":"https:\/\/officinegullo.com\/de\/wp-json\/wp\/v2\/macchine\/15323","targetHints":{"allow":["GET"]}}],"collection":[{"href":"https:\/\/officinegullo.com\/de\/wp-json\/wp\/v2\/macchine"}],"about":[{"href":"https:\/\/officinegullo.com\/de\/wp-json\/wp\/v2\/types\/macchine"}],"version-history":[{"count":1,"href":"https:\/\/officinegullo.com\/de\/wp-json\/wp\/v2\/macchine\/15323\/revisions"}],"predecessor-version":[{"id":67886,"href":"https:\/\/officinegullo.com\/de\/wp-json\/wp\/v2\/macchine\/15323\/revisions\/67886"}],"wp:featuredmedia":[{"embeddable":true,"href":"https:\/\/officinegullo.com\/de\/wp-json\/wp\/v2\/media\/52218"}],"wp:attachment":[{"href":"https:\/\/officinegullo.com\/de\/wp-json\/wp\/v2\/media?parent=15323"}],"curies":[{"name":"wp","href":"https:\/\/api.w.org\/{rel}","templated":true}]}}